{"id":494,"date":"2020-02-25T12:19:01","date_gmt":"2020-02-25T11:19:01","guid":{"rendered":"https:\/\/uniformelaboral.com\/?post_type=product&#038;p=494"},"modified":"2023-08-10T18:16:03","modified_gmt":"2023-08-10T16:16:03","slug":"polo-maniga-llarga-perxat-combinat-alta-visibilitat-cintes-reflectants-discontinues-c3891-2","status":"publish","type":"product","link":"https:\/\/uniformelaboral.com\/index.php\/producto\/polo-maniga-llarga-perxat-combinat-alta-visibilitat-cintes-reflectants-discontinues-c3891-2\/","title":{"rendered":"POLO AFELPAT COMBINAT FLUOR C3891 REFLECTANS DISCONTINUS \/ 27.72\u20ac"},"content":{"rendered":"","protected":false},"excerpt":{"rendered":"<div id=\"descripcion\">\n<p><img loading=\"lazy\" decoding=\"async\" class=\" wp-image-20790 alignleft\" src=\"https:\/\/uniformelaboral.com\/wp-content\/uploads\/2020\/06\/LOGO-WORKTEAM-1-300x244.jpg\" alt=\"\" width=\"134\" height=\"109\" srcset=\"https:\/\/uniformelaboral.com\/wp-content\/uploads\/2020\/06\/LOGO-WORKTEAM-1-300x244.jpg 300w, https:\/\/uniformelaboral.com\/wp-content\/uploads\/2020\/06\/LOGO-WORKTEAM-1.jpg 415w\" sizes=\"auto, (max-width: 134px) 100vw, 134px\" \/><\/p>\n<p>Polo combinat de m\u00e0niga llarga en micropiqu\u00e9 de poli\u00e8ster. Part superior d&#8217;alta visibilitat, reflectants. Coll cl\u00e0ssic amb tapeta de tres botons i cubrecosturas interior. Una bossa de pit de trau. Dos reflectants segmentades termoadhesives a pit, esquena i m\u00e0nigues. Puny el\u00e0stic. Coll en punt canal\u00e9. Interior apelfat.<\/p>\n<p>Composici\u00f3: 100% Poli\u00e8ster, Gramatge 200 gr.<\/p>\n<\/div>\n<div><img loading=\"lazy\" decoding=\"async\" class=\" wp-image-21216 aligncenter\" src=\"https:\/\/uniformelaboral.com\/wp-content\/uploads\/2020\/02\/AV-AFELPAT-300x112.jpg\" alt=\"\" width=\"145\" height=\"54\" srcset=\"https:\/\/uniformelaboral.com\/wp-content\/uploads\/2020\/02\/AV-AFELPAT-300x112.jpg 300w, https:\/\/uniformelaboral.com\/wp-content\/uploads\/2020\/02\/AV-AFELPAT-1024x383.jpg 1024w, https:\/\/uniformelaboral.com\/wp-content\/uploads\/2020\/02\/AV-AFELPAT-768x287.jpg 768w, https:\/\/uniformelaboral.com\/wp-content\/uploads\/2020\/02\/AV-AFELPAT-416x156.jpg 416w, https:\/\/uniformelaboral.com\/wp-content\/uploads\/2020\/02\/AV-AFELPAT.jpg 1112w\" sizes=\"auto, (max-width: 145px) 100vw, 145px\" \/><\/div>\n<h5><\/h5>\n<h6><a href=\"https:\/\/workteam.com\/seccion_detalle.php?ref=C3891&amp;color=MR_NAV\" target=\"_blank\" rel=\"noopener noreferrer\">TAULA DE TALLES<\/a><\/h6>\n<h6 style=\"text-align: right;\"><a href=\"https:\/\/issuu.com\/workteamoficial\/docs\/3_fluor_esp_2020?fr=sYTMyNTMyNzgyMg\" target=\"_blank\" rel=\"noopener noreferrer\">CONSULTAR\u00a0 CAT\u00c1LEG<\/a><\/h6>\n<h6 style=\"text-align: right;\"><a href=\"https:\/\/uniformelaboral.com\/index.php\/contacte\/\" target=\"_blank\" rel=\"noopener noreferrer\">CONTACTAR AMB NOSALTRES<\/a><\/h6>\n<h6><\/h6>\n<p>&nbsp;<\/p>\n","protected":false},"featured_media":19543,"template":"","meta":{"_joinchat":[]},"product_brand":[],"product_cat":[35,168,162,116,167],"product_tag":[],"class_list":{"0":"post-494","1":"product","2":"type-product","3":"status-publish","4":"has-post-thumbnail","6":"product_cat-av-alta-visibilidad","7":"product_cat-afelpat","8":"product_cat-maniga-llarga-2","9":"product_cat-polos","10":"product_cat-reflectans-discontinus","11":"tm-has-options","13":"first","14":"instock","15":"taxable","16":"shipping-taxable","17":"purchasable","18":"product-type-simple"},"_links":{"self":[{"href":"https:\/\/uniformelaboral.com\/index.php\/wp-json\/wp\/v2\/product\/494","targetHints":{"allow":["GET"]}}],"collection":[{"href":"https:\/\/uniformelaboral.com\/index.php\/wp-json\/wp\/v2\/product"}],"about":[{"href":"https:\/\/uniformelaboral.com\/index.php\/wp-json\/wp\/v2\/types\/product"}],"wp:featuredmedia":[{"embeddable":true,"href":"https:\/\/uniformelaboral.com\/index.php\/wp-json\/wp\/v2\/media\/19543"}],"wp:attachment":[{"href":"https:\/\/uniformelaboral.com\/index.php\/wp-json\/wp\/v2\/media?parent=494"}],"wp:term":[{"taxonomy":"product_brand","embeddable":true,"href":"https:\/\/uniformelaboral.com\/index.php\/wp-json\/wp\/v2\/product_brand?post=494"},{"taxonomy":"product_cat","embeddable":true,"href":"https:\/\/uniformelaboral.com\/index.php\/wp-json\/wp\/v2\/product_cat?post=494"},{"taxonomy":"product_tag","embeddable":true,"href":"https:\/\/uniformelaboral.com\/index.php\/wp-json\/wp\/v2\/product_tag?post=494"}],"curies":[{"name":"wp","href":"https:\/\/api.w.org\/{rel}","templated":true}]}}