{"id":469,"date":"2020-02-24T12:14:09","date_gmt":"2020-02-24T11:14:09","guid":{"rendered":"https:\/\/uniformelaboral.com\/?post_type=product&#038;p=469"},"modified":"2023-03-06T12:42:17","modified_gmt":"2023-03-06T11:42:17","slug":"pantalo-basic-algodon-b1498","status":"publish","type":"product","link":"https:\/\/uniformelaboral.com\/index.php\/producto\/pantalo-basic-algodon-b1498\/","title":{"rendered":"PANTAL\u00d3 T\u00c8CNIC IGN\u00cdFUG\/ANTIEST\u00c1TIC WORK B1498 \/ 63.77\u20ac"},"content":{"rendered":"","protected":false},"excerpt":{"rendered":"<div id=\"descripcion\">\n<p><img loading=\"lazy\" decoding=\"async\" class=\"wp-image-19952 alignleft\" src=\"https:\/\/uniformelaboral.com\/wp-content\/uploads\/2020\/08\/logo_workteam_negro-300x243.png\" alt=\"\" width=\"122\" height=\"99\" srcset=\"https:\/\/uniformelaboral.com\/wp-content\/uploads\/2020\/08\/logo_workteam_negro-300x243.png 300w, https:\/\/uniformelaboral.com\/wp-content\/uploads\/2020\/08\/logo_workteam_negro-416x337.png 416w, https:\/\/uniformelaboral.com\/wp-content\/uploads\/2020\/08\/logo_workteam_negro.png 450w\" sizes=\"auto, (max-width: 122px) 100vw, 122px\" \/><\/p>\n<p>Pantalons ign\u00edfug, antiest\u00e0tic amb protecci\u00f3 per a soldadura i arc el\u00e8ctric amb una cinta reflectant-fluorescent. Dues bosses d&#8217;obertura inclinada amb cartera de seguretat i claud\u00e0tor ocult en els costats. Una bossa lateral i dues bosses del darrere, tots de trau amb solapa de seguretat i claud\u00e0tor ocult. Una cinta reflectant-fluorescent ign\u00edfuga a camals. El\u00e0stic a la cintura. Travetes. Tancament de claud\u00e0tor ocult i bragueta de cremallera de metall.<\/p>\n<p>Composici\u00f3: 54% modacr\u00edlic 44% Cot\u00f3 2% Fibra Antiest\u00e0tica, Gramatge 310 gr.<\/p>\n<\/div>\n<div><img loading=\"lazy\" decoding=\"async\" class=\" wp-image-20087 aligncenter\" src=\"https:\/\/uniformelaboral.com\/wp-content\/uploads\/2020\/02\/INIFUG-ANTIESTATIC-1-300x69.jpg\" alt=\"\" width=\"270\" height=\"62\" srcset=\"https:\/\/uniformelaboral.com\/wp-content\/uploads\/2020\/02\/INIFUG-ANTIESTATIC-1-300x69.jpg 300w, https:\/\/uniformelaboral.com\/wp-content\/uploads\/2020\/02\/INIFUG-ANTIESTATIC-1-416x96.jpg 416w, https:\/\/uniformelaboral.com\/wp-content\/uploads\/2020\/02\/INIFUG-ANTIESTATIC-1.jpg 616w\" sizes=\"auto, (max-width: 270px) 100vw, 270px\" \/><\/div>\n<h6><\/h6>\n<h6><a href=\"https:\/\/workteam.com\/fichas\/tallas\/B1498.jpg\" target=\"_blank\" rel=\"noopener noreferrer\">TAULA DE TALLES<\/a><\/h6>\n<h6 style=\"text-align: right;\"><a href=\"https:\/\/workteam.com\/seccion_detalle.php?ref=B1498&amp;color=GRO\" target=\"_blank\" rel=\"noopener noreferrer\">CONSULTAR\u00a0 CAT\u00c1LEG<\/a><\/h6>\n<h6 style=\"text-align: right;\"><a href=\"https:\/\/uniformelaboral.com\/index.php\/contacte\/\" target=\"_blank\" rel=\"noopener noreferrer\">CONTACTAR AMB NOSALTRES<\/a><\/h6>\n<h6><\/h6>\n<div><\/div>\n","protected":false},"featured_media":20085,"template":"","meta":{"_joinchat":[]},"product_brand":[],"product_cat":[35,108,103,175],"product_tag":[],"class_list":{"0":"post-469","1":"product","2":"type-product","3":"status-publish","4":"has-post-thumbnail","6":"product_cat-av-alta-visibilidad","7":"product_cat-ignifug-antiestatic","8":"product_cat-pantalons","9":"product_cat-soldadors","10":"tm-has-options","12":"first","13":"instock","14":"taxable","15":"shipping-taxable","16":"purchasable","17":"product-type-simple"},"_links":{"self":[{"href":"https:\/\/uniformelaboral.com\/index.php\/wp-json\/wp\/v2\/product\/469","targetHints":{"allow":["GET"]}}],"collection":[{"href":"https:\/\/uniformelaboral.com\/index.php\/wp-json\/wp\/v2\/product"}],"about":[{"href":"https:\/\/uniformelaboral.com\/index.php\/wp-json\/wp\/v2\/types\/product"}],"wp:featuredmedia":[{"embeddable":true,"href":"https:\/\/uniformelaboral.com\/index.php\/wp-json\/wp\/v2\/media\/20085"}],"wp:attachment":[{"href":"https:\/\/uniformelaboral.com\/index.php\/wp-json\/wp\/v2\/media?parent=469"}],"wp:term":[{"taxonomy":"product_brand","embeddable":true,"href":"https:\/\/uniformelaboral.com\/index.php\/wp-json\/wp\/v2\/product_brand?post=469"},{"taxonomy":"product_cat","embeddable":true,"href":"https:\/\/uniformelaboral.com\/index.php\/wp-json\/wp\/v2\/product_cat?post=469"},{"taxonomy":"product_tag","embeddable":true,"href":"https:\/\/uniformelaboral.com\/index.php\/wp-json\/wp\/v2\/product_tag?post=469"}],"curies":[{"name":"wp","href":"https:\/\/api.w.org\/{rel}","templated":true}]}}