{"id":459,"date":"2020-02-24T11:49:22","date_gmt":"2020-02-24T10:49:22","guid":{"rendered":"https:\/\/uniformelaboral.com\/?post_type=product&#038;p=459"},"modified":"2023-07-21T12:05:36","modified_gmt":"2023-07-21T10:05:36","slug":"pantalo-basic-industrial-b1416","status":"publish","type":"product","link":"https:\/\/uniformelaboral.com\/index.php\/producto\/pantalo-basic-industrial-b1416\/","title":{"rendered":"PANTAL\u00d3 AMB REFOR\u00c7 WORK B1416 \/ 20.79\u20ac"},"content":{"rendered":"","protected":false},"excerpt":{"rendered":"<div id=\"descripcion\">\n<p><img loading=\"lazy\" decoding=\"async\" class=\"wp-image-20825 alignleft\" src=\"https:\/\/uniformelaboral.com\/wp-content\/uploads\/2020\/02\/logo_workteam_negro-300x243.png\" alt=\"\" width=\"118\" height=\"96\" srcset=\"https:\/\/uniformelaboral.com\/wp-content\/uploads\/2020\/02\/logo_workteam_negro-300x243.png 300w, https:\/\/uniformelaboral.com\/wp-content\/uploads\/2020\/02\/logo_workteam_negro-416x337.png 416w, https:\/\/uniformelaboral.com\/wp-content\/uploads\/2020\/02\/logo_workteam_negro.png 450w\" sizes=\"auto, (max-width: 118px) 100vw, 118px\" \/><\/p>\n<p>B1416. Pantalons amb refor\u00e7os. Dues bosses d&#8217;obertura inclinada en els costats, dues bosses laterals de c\u00e0rrega amb cartera de bot\u00f3 ocult. Dues bosses darrere interiors amb cartera de bec i bot\u00f3. Culera i genolleres refor\u00e7ades. Baixos ajustables amb cord\u00f3. Sense el\u00e0stic en cintura. Travetes. Tancament de bot\u00f3 i bragueta de cremallera.<\/p>\n<p>Composici\u00f3: 65% Poli\u00e8ster 35% Cot\u00f3, Gramatge 280 GR<\/p>\n<\/div>\n<div><img loading=\"lazy\" decoding=\"async\" class=\"wp-image-20851 aligncenter\" src=\"https:\/\/uniformelaboral.com\/wp-content\/uploads\/2020\/02\/REFORCATS.jpg\" alt=\"\" width=\"91\" height=\"45\" \/><\/div>\n<h6><a href=\"https:\/\/www.workteam.com\/fichas\/tallas\/B1416.jpg\" target=\"_blank\" rel=\"noopener noreferrer\">TAULA DE TALLES<\/a><\/h6>\n<h6><a href=\"https:\/\/www.workteam.com\/fichas\/declaraciones\/B1416.pdf\" target=\"_blank\" rel=\"noopener noreferrer\">DECLARACI\u00d3 DE CONFORMITAT<\/a><\/h6>\n<h6 style=\"text-align: right;\"><a href=\"https:\/\/workteam.com\/seccion_detalle.php?ref=B1416&amp;color=NG\" target=\"_blank\" rel=\"noopener noreferrer\">CONSULTAR\u00a0 CAT\u00c1LEG<\/a><\/h6>\n<h6 style=\"text-align: right;\"><a href=\"https:\/\/uniformelaboral.com\/index.php\/contacte\/\" target=\"_blank\" rel=\"noopener noreferrer\">CONTACTAR AMB NOSALTRES<\/a><\/h6>\n<h6><\/h6>\n","protected":false},"featured_media":20856,"template":"","meta":{"_joinchat":[]},"product_brand":[],"product_cat":[36,37,172,914,171,135,143,148,897,866,38],"product_tag":[],"class_list":{"0":"post-459","1":"product","2":"type-product","3":"status-publish","4":"has-post-thumbnail","6":"product_cat-alimentacio","7":"product_cat-industria","8":"product_cat-multibutxaques-pantalons-2","9":"product_cat-multibutxaques-2","10":"product_cat-multibutxaques-pantalons-5","11":"product_cat-pantalons-2","12":"product_cat-pantalons-4","13":"product_cat-pantalons-5","14":"product_cat-reforcat","15":"product_cat-pantalons-reforcats2","16":"product_cat-serveis","17":"tm-has-options","19":"first","20":"instock","21":"taxable","22":"shipping-taxable","23":"purchasable","24":"product-type-simple"},"_links":{"self":[{"href":"https:\/\/uniformelaboral.com\/index.php\/wp-json\/wp\/v2\/product\/459","targetHints":{"allow":["GET"]}}],"collection":[{"href":"https:\/\/uniformelaboral.com\/index.php\/wp-json\/wp\/v2\/product"}],"about":[{"href":"https:\/\/uniformelaboral.com\/index.php\/wp-json\/wp\/v2\/types\/product"}],"wp:featuredmedia":[{"embeddable":true,"href":"https:\/\/uniformelaboral.com\/index.php\/wp-json\/wp\/v2\/media\/20856"}],"wp:attachment":[{"href":"https:\/\/uniformelaboral.com\/index.php\/wp-json\/wp\/v2\/media?parent=459"}],"wp:term":[{"taxonomy":"product_brand","embeddable":true,"href":"https:\/\/uniformelaboral.com\/index.php\/wp-json\/wp\/v2\/product_brand?post=459"},{"taxonomy":"product_cat","embeddable":true,"href":"https:\/\/uniformelaboral.com\/index.php\/wp-json\/wp\/v2\/product_cat?post=459"},{"taxonomy":"product_tag","embeddable":true,"href":"https:\/\/uniformelaboral.com\/index.php\/wp-json\/wp\/v2\/product_tag?post=459"}],"curies":[{"name":"wp","href":"https:\/\/api.w.org\/{rel}","templated":true}]}}