{"id":368,"date":"2020-02-20T11:49:22","date_gmt":"2020-02-20T10:49:22","guid":{"rendered":"https:\/\/uniformelaboral.com\/?post_type=product&#038;p=368"},"modified":"2023-03-08T18:50:58","modified_gmt":"2023-03-08T17:50:58","slug":"pantalons-combi-alta-visibilitat-c4014","status":"publish","type":"product","link":"https:\/\/uniformelaboral.com\/index.php\/producto\/pantalons-combi-alta-visibilitat-c4014\/","title":{"rendered":"PANTALONS COMBI FLUOR A\/V WORK C4014 \/ 17.50\u20ac"},"content":{"rendered":"","protected":false},"excerpt":{"rendered":"<div id=\"descripcion\">\n<p><img loading=\"lazy\" decoding=\"async\" class=\" wp-image-19952 alignleft\" src=\"https:\/\/uniformelaboral.com\/wp-content\/uploads\/2020\/08\/logo_workteam_negro-300x243.png\" alt=\"\" width=\"122\" height=\"99\" srcset=\"https:\/\/uniformelaboral.com\/wp-content\/uploads\/2020\/08\/logo_workteam_negro-300x243.png 300w, https:\/\/uniformelaboral.com\/wp-content\/uploads\/2020\/08\/logo_workteam_negro-416x337.png 416w, https:\/\/uniformelaboral.com\/wp-content\/uploads\/2020\/08\/logo_workteam_negro.png 450w\" sizes=\"auto, (max-width: 122px) 100vw, 122px\" \/><\/p>\n<p>Pantalons amb refor\u00e7os combinat amb alta visibilitat i cintes reflectants. Dues bosses d&#8217;obertura inclinada en els costats, dues bosses laterals de c\u00e0rrega amb cartera de velcro. Una bossa darrere de trau amb tancament de presilla i bot\u00f3. Refor\u00e7 en culera. Dues cintes reflectants a camals. Part inferior d&#8217;alta visibilitat. El\u00e0stic en cintura. Travetes. Tancament de bot\u00f3 i bragueta de cremallera.<\/p>\n<p>composici\u00f3; Prin. El 65% Poli\u00e8ster 35% Cot\u00f3 \/ A.V. 50% Poli\u00e8ster 50% Cot\u00f3, Gramaje, Prin. 200 \/ A.V. 250<\/p>\n<\/div>\n<div><img loading=\"lazy\" decoding=\"async\" class=\" wp-image-20113 aligncenter\" src=\"https:\/\/uniformelaboral.com\/wp-content\/uploads\/2020\/02\/ISO-REFORCAT.jpg\" alt=\"\" width=\"61\" height=\"72\" \/><\/div>\n<h6><a href=\"https:\/\/workteam.com\/fichas\/tallas\/C4014.jpg\" target=\"_blank\" rel=\"noopener noreferrer\">TAULA DE TALLES<\/a><\/h6>\n<h6><a href=\"https:\/\/workteam.com\/fichas\/declaraciones\/C4014.pdf\" target=\"_blank\" rel=\"noopener noreferrer\">DECLARACI\u00d3 DE CONFORMITAT<\/a><\/h6>\n<h6 style=\"text-align: right;\"><a href=\"https:\/\/workteam.com\/seccion_detalle.php?ref=C4014&amp;color=MR_AAV\" target=\"_blank\" rel=\"noopener noreferrer\">MIRAR EL CAT\u00c1LEG<\/a><\/h6>\n<h6 style=\"text-align: right;\"><a href=\"https:\/\/uniformelaboral.com\/index.php\/contacte\/\" target=\"_blank\" rel=\"noopener noreferrer\">\u00a0 \u00a0CONSULTAR<\/a><\/h6>\n","protected":false},"featured_media":20109,"template":"","meta":{"_joinchat":[]},"product_brand":[],"product_cat":[35,104,103,109],"product_tag":[],"class_list":{"0":"post-368","1":"product","2":"type-product","3":"status-publish","4":"has-post-thumbnail","6":"product_cat-av-alta-visibilidad","7":"product_cat-multibutxaques","8":"product_cat-pantalons","9":"product_cat-reforcats","10":"tm-has-options","12":"first","13":"instock","14":"taxable","15":"shipping-taxable","16":"purchasable","17":"product-type-simple"},"_links":{"self":[{"href":"https:\/\/uniformelaboral.com\/index.php\/wp-json\/wp\/v2\/product\/368","targetHints":{"allow":["GET"]}}],"collection":[{"href":"https:\/\/uniformelaboral.com\/index.php\/wp-json\/wp\/v2\/product"}],"about":[{"href":"https:\/\/uniformelaboral.com\/index.php\/wp-json\/wp\/v2\/types\/product"}],"wp:featuredmedia":[{"embeddable":true,"href":"https:\/\/uniformelaboral.com\/index.php\/wp-json\/wp\/v2\/media\/20109"}],"wp:attachment":[{"href":"https:\/\/uniformelaboral.com\/index.php\/wp-json\/wp\/v2\/media?parent=368"}],"wp:term":[{"taxonomy":"product_brand","embeddable":true,"href":"https:\/\/uniformelaboral.com\/index.php\/wp-json\/wp\/v2\/product_brand?post=368"},{"taxonomy":"product_cat","embeddable":true,"href":"https:\/\/uniformelaboral.com\/index.php\/wp-json\/wp\/v2\/product_cat?post=368"},{"taxonomy":"product_tag","embeddable":true,"href":"https:\/\/uniformelaboral.com\/index.php\/wp-json\/wp\/v2\/product_tag?post=368"}],"curies":[{"name":"wp","href":"https:\/\/api.w.org\/{rel}","templated":true}]}}