{"id":3476,"date":"2020-06-17T23:50:26","date_gmt":"2020-06-17T21:50:26","guid":{"rendered":"https:\/\/uniformelaboral.com\/?post_type=product&#038;p=3476"},"modified":"2023-08-16T18:23:06","modified_gmt":"2023-08-16T16:23:06","slug":"bandana-estanpada-work-m807","status":"publish","type":"product","link":"https:\/\/uniformelaboral.com\/index.php\/producto\/bandana-estanpada-work-m807\/","title":{"rendered":"BANDANA  WORK M614 \/ 2.98\u20ac"},"content":{"rendered":"","protected":false},"excerpt":{"rendered":"<div id=\"descripcion\">\n<p><img loading=\"lazy\" decoding=\"async\" class=\" wp-image-20790 alignleft\" src=\"https:\/\/uniformelaboral.com\/wp-content\/uploads\/2020\/06\/LOGO-WORKTEAM-1-300x244.jpg\" alt=\"\" width=\"106\" height=\"86\" srcset=\"https:\/\/uniformelaboral.com\/wp-content\/uploads\/2020\/06\/LOGO-WORKTEAM-1-300x244.jpg 300w, https:\/\/uniformelaboral.com\/wp-content\/uploads\/2020\/06\/LOGO-WORKTEAM-1.jpg 415w\" sizes=\"auto, (max-width: 106px) 100vw, 106px\" \/><\/p>\n<div id=\"descripcion\">\n<p>Bandana amb obertura posterior. Rematada amb cinta per ajustar al clatell. Tira extrasuau al front per absorbir la suor.<\/p>\n<p>Composici\u00f3<br \/>\n80% Poli\u00e8ster 20% Cot\u00f3<br \/>\nGramatge150<br \/>\nComposici\u00f3: 65% Poli\u00e8ster 35% Cot\u00f3, Gramatge 160.<\/p>\n<\/div>\n<\/div>\n<div><\/div>\n<h6><\/h6>\n<h6 style=\"text-align: right;\"><a href=\"https:\/\/workteam.com\/seccion_detalle.php?ref=M614&amp;color=VDOL\" target=\"_blank\" rel=\"noopener noreferrer\">CONSULTAR CAT\u00c1LEG<\/a><\/h6>\n<h6 style=\"text-align: right;\"><a href=\"https:\/\/uniformelaboral.com\/index.php\/contacte\/\" target=\"_blank\" rel=\"noopener noreferrer\">CONTACTAR AMB NOSALTRES<\/a><\/h6>\n","protected":false},"featured_media":20774,"template":"","meta":{"_joinchat":[]},"product_brand":[],"product_cat":[36,923,1014,1055,266,265,1054,147,39,38],"product_tag":[],"class_list":{"0":"post-3476","1":"product","2":"type-product","3":"status-publish","4":"has-post-thumbnail","6":"product_cat-alimentacio","7":"product_cat-bandana","8":"product_cat-bandana-3","9":"product_cat-bandanes","10":"product_cat-bandanes-gorros","11":"product_cat-bandanes-gorros-serveis","12":"product_cat-complemets","13":"product_cat-hostaleria","14":"product_cat-sanitat","15":"product_cat-serveis","16":"tm-has-options","18":"first","19":"instock","20":"taxable","21":"shipping-taxable","22":"purchasable","23":"product-type-simple"},"_links":{"self":[{"href":"https:\/\/uniformelaboral.com\/index.php\/wp-json\/wp\/v2\/product\/3476","targetHints":{"allow":["GET"]}}],"collection":[{"href":"https:\/\/uniformelaboral.com\/index.php\/wp-json\/wp\/v2\/product"}],"about":[{"href":"https:\/\/uniformelaboral.com\/index.php\/wp-json\/wp\/v2\/types\/product"}],"wp:featuredmedia":[{"embeddable":true,"href":"https:\/\/uniformelaboral.com\/index.php\/wp-json\/wp\/v2\/media\/20774"}],"wp:attachment":[{"href":"https:\/\/uniformelaboral.com\/index.php\/wp-json\/wp\/v2\/media?parent=3476"}],"wp:term":[{"taxonomy":"product_brand","embeddable":true,"href":"https:\/\/uniformelaboral.com\/index.php\/wp-json\/wp\/v2\/product_brand?post=3476"},{"taxonomy":"product_cat","embeddable":true,"href":"https:\/\/uniformelaboral.com\/index.php\/wp-json\/wp\/v2\/product_cat?post=3476"},{"taxonomy":"product_tag","embeddable":true,"href":"https:\/\/uniformelaboral.com\/index.php\/wp-json\/wp\/v2\/product_tag?post=3476"}],"curies":[{"name":"wp","href":"https:\/\/api.w.org\/{rel}","templated":true}]}}