{"id":625,"date":"2020-03-12T09:57:34","date_gmt":"2020-03-12T08:57:34","guid":{"rendered":"https:\/\/uniformelaboral.com\/?page_id=625"},"modified":"2023-09-13T22:19:33","modified_gmt":"2023-09-13T20:19:33","slug":"av-alta-visibilitat","status":"publish","type":"page","link":"https:\/\/uniformelaboral.com\/index.php\/av-alta-visibilitat\/","title":{"rendered":"AV\/Alta visibilitat"},"content":{"rendered":"<div class=\"wp-block-columns are-vertically-aligned-center is-layout-flex wp-container-core-columns-is-layout-1 wp-block-columns-is-layout-flex\"><div class=\"wp-block-column is-vertically-aligned-center is-layout-flow wp-block-column-is-layout-flow\"><div class=\"wp-block-image\"><figure class=\"aligncenter size-thumbnail is-resized\"><a href=\"https:\/\/uniformelaboral.com\/index.php\/pantalons-alta-visibilitat\/\"><img loading=\"lazy\" decoding=\"async\" src=\"https:\/\/uniformelaboral.com\/wp-content\/uploads\/2022\/10\/ICONO-PANTALONS-AV-COLOR-150x150.jpg\" alt=\"\" class=\"wp-image-19716\" width=\"113\" height=\"113\" srcset=\"https:\/\/uniformelaboral.com\/wp-content\/uploads\/2022\/10\/ICONO-PANTALONS-AV-COLOR-150x150.jpg 150w, https:\/\/uniformelaboral.com\/wp-content\/uploads\/2022\/10\/ICONO-PANTALONS-AV-COLOR-300x300.jpg 300w, https:\/\/uniformelaboral.com\/wp-content\/uploads\/2022\/10\/ICONO-PANTALONS-AV-COLOR-1024x1024.jpg 1024w, https:\/\/uniformelaboral.com\/wp-content\/uploads\/2022\/10\/ICONO-PANTALONS-AV-COLOR-768x768.jpg 768w, https:\/\/uniformelaboral.com\/wp-content\/uploads\/2022\/10\/ICONO-PANTALONS-AV-COLOR-324x324.jpg 324w, https:\/\/uniformelaboral.com\/wp-content\/uploads\/2022\/10\/ICONO-PANTALONS-AV-COLOR-416x416.jpg 416w, https:\/\/uniformelaboral.com\/wp-content\/uploads\/2022\/10\/ICONO-PANTALONS-AV-COLOR-100x100.jpg 100w, https:\/\/uniformelaboral.com\/wp-content\/uploads\/2022\/10\/ICONO-PANTALONS-AV-COLOR.jpg 1466w\" sizes=\"auto, (max-width: 113px) 100vw, 113px\" \/><\/a><\/figure><\/div>\n\n<p class=\"has-text-align-center has-medium-font-size\"><a href=\"https:\/\/uniformelaboral.com\/index.php\/pantalons-alta-visibilitat\/\">PANTALONS<\/a><\/p><\/div>\n\n<div class=\"wp-block-column is-vertically-aligned-center is-layout-flow wp-block-column-is-layout-flow\"><div class=\"wp-block-image\"><figure class=\"aligncenter size-thumbnail is-resized\"><a href=\"https:\/\/uniformelaboral.com\/index.php\/parques-w-shell-alta-visibilitat\/\"><img loading=\"lazy\" decoding=\"async\" src=\"https:\/\/uniformelaboral.com\/wp-content\/uploads\/2022\/10\/ICONO-PARKAS-WORKSHELL-AV-150x150.jpg\" alt=\"\" class=\"wp-image-19708\" width=\"113\" height=\"113\" srcset=\"https:\/\/uniformelaboral.com\/wp-content\/uploads\/2022\/10\/ICONO-PARKAS-WORKSHELL-AV-150x150.jpg 150w, https:\/\/uniformelaboral.com\/wp-content\/uploads\/2022\/10\/ICONO-PARKAS-WORKSHELL-AV-300x300.jpg 300w, https:\/\/uniformelaboral.com\/wp-content\/uploads\/2022\/10\/ICONO-PARKAS-WORKSHELL-AV-1024x1024.jpg 1024w, https:\/\/uniformelaboral.com\/wp-content\/uploads\/2022\/10\/ICONO-PARKAS-WORKSHELL-AV-768x768.jpg 768w, https:\/\/uniformelaboral.com\/wp-content\/uploads\/2022\/10\/ICONO-PARKAS-WORKSHELL-AV-324x324.jpg 324w, https:\/\/uniformelaboral.com\/wp-content\/uploads\/2022\/10\/ICONO-PARKAS-WORKSHELL-AV-416x416.jpg 416w, https:\/\/uniformelaboral.com\/wp-content\/uploads\/2022\/10\/ICONO-PARKAS-WORKSHELL-AV-100x100.jpg 100w, https:\/\/uniformelaboral.com\/wp-content\/uploads\/2022\/10\/ICONO-PARKAS-WORKSHELL-AV.jpg 1466w\" sizes=\"auto, (max-width: 113px) 100vw, 113px\" \/><\/a><\/figure><\/div>\n\n<p class=\"has-text-align-center has-medium-font-size\"><a href=\"https:\/\/uniformelaboral.com\/index.php\/parques-w-shell-alta-visibilitat\/\">PARQUES\/WORK SHELL<\/a><\/p><\/div>\n\n<div class=\"wp-block-column is-vertically-aligned-center is-layout-flow wp-block-column-is-layout-flow\"><div class=\"wp-block-image\"><figure class=\"aligncenter size-thumbnail is-resized\"><a href=\"https:\/\/uniformelaboral.com\/index.php\/polos-alta-visibilitat\/\"><img loading=\"lazy\" decoding=\"async\" src=\"https:\/\/uniformelaboral.com\/wp-content\/uploads\/2023\/02\/ICONO-POLOS-AV-COLOR-150x150.jpg\" alt=\"\" class=\"wp-image-19928\" width=\"113\" height=\"113\" srcset=\"https:\/\/uniformelaboral.com\/wp-content\/uploads\/2023\/02\/ICONO-POLOS-AV-COLOR-150x150.jpg 150w, https:\/\/uniformelaboral.com\/wp-content\/uploads\/2023\/02\/ICONO-POLOS-AV-COLOR-300x300.jpg 300w, https:\/\/uniformelaboral.com\/wp-content\/uploads\/2023\/02\/ICONO-POLOS-AV-COLOR-1024x1024.jpg 1024w, https:\/\/uniformelaboral.com\/wp-content\/uploads\/2023\/02\/ICONO-POLOS-AV-COLOR-768x768.jpg 768w, https:\/\/uniformelaboral.com\/wp-content\/uploads\/2023\/02\/ICONO-POLOS-AV-COLOR-324x324.jpg 324w, https:\/\/uniformelaboral.com\/wp-content\/uploads\/2023\/02\/ICONO-POLOS-AV-COLOR-416x416.jpg 416w, https:\/\/uniformelaboral.com\/wp-content\/uploads\/2023\/02\/ICONO-POLOS-AV-COLOR-100x100.jpg 100w, https:\/\/uniformelaboral.com\/wp-content\/uploads\/2023\/02\/ICONO-POLOS-AV-COLOR.jpg 1466w\" sizes=\"auto, (max-width: 113px) 100vw, 113px\" \/><\/a><\/figure><\/div>\n\n<p class=\"has-text-align-center has-medium-font-size\"><a href=\"https:\/\/uniformelaboral.com\/index.php\/polos-alta-visibilitat\/\">POLOS<\/a><\/p><\/div><\/div><div class=\"wp-block-columns are-vertically-aligned-center is-layout-flex wp-container-core-columns-is-layout-2 wp-block-columns-is-layout-flex\"><div class=\"wp-block-column is-vertically-aligned-center is-layout-flow wp-block-column-is-layout-flow\"><div class=\"wp-block-image\"><figure class=\"aligncenter size-thumbnail is-resized\"><a href=\"https:\/\/uniformelaboral.com\/index.php\/samarretes-alta-visibilitat\/\"><img loading=\"lazy\" decoding=\"async\" src=\"https:\/\/uniformelaboral.com\/wp-content\/uploads\/2022\/10\/ICONO-SEMARETES-AV-COLOR-150x150.jpg\" alt=\"\" class=\"wp-image-19711\" width=\"113\" height=\"113\" srcset=\"https:\/\/uniformelaboral.com\/wp-content\/uploads\/2022\/10\/ICONO-SEMARETES-AV-COLOR-150x150.jpg 150w, https:\/\/uniformelaboral.com\/wp-content\/uploads\/2022\/10\/ICONO-SEMARETES-AV-COLOR-300x300.jpg 300w, https:\/\/uniformelaboral.com\/wp-content\/uploads\/2022\/10\/ICONO-SEMARETES-AV-COLOR-1024x1024.jpg 1024w, https:\/\/uniformelaboral.com\/wp-content\/uploads\/2022\/10\/ICONO-SEMARETES-AV-COLOR-768x768.jpg 768w, https:\/\/uniformelaboral.com\/wp-content\/uploads\/2022\/10\/ICONO-SEMARETES-AV-COLOR-324x324.jpg 324w, https:\/\/uniformelaboral.com\/wp-content\/uploads\/2022\/10\/ICONO-SEMARETES-AV-COLOR-416x416.jpg 416w, https:\/\/uniformelaboral.com\/wp-content\/uploads\/2022\/10\/ICONO-SEMARETES-AV-COLOR-100x100.jpg 100w, https:\/\/uniformelaboral.com\/wp-content\/uploads\/2022\/10\/ICONO-SEMARETES-AV-COLOR.jpg 1466w\" sizes=\"auto, (max-width: 113px) 100vw, 113px\" \/><\/a><\/figure><\/div>\n\n<p class=\"has-text-align-center has-medium-font-size\"><a href=\"https:\/\/uniformelaboral.com\/index.php\/samarretes-alta-visibilitat\/\">SAMARRETES<\/a><\/p><\/div>\n\n<div class=\"wp-block-column is-vertically-aligned-center is-layout-flow wp-block-column-is-layout-flow\"><div class=\"wp-block-image\"><figure class=\"aligncenter size-thumbnail is-resized\"><a href=\"https:\/\/uniformelaboral.com\/index.php\/jerseis-alta-visibilitat\/\"><img loading=\"lazy\" decoding=\"async\" src=\"https:\/\/uniformelaboral.com\/wp-content\/uploads\/2022\/10\/ICONO-JERSEY-AV-COLOR-150x150.jpg\" alt=\"\" class=\"wp-image-19704\" width=\"113\" height=\"113\" srcset=\"https:\/\/uniformelaboral.com\/wp-content\/uploads\/2022\/10\/ICONO-JERSEY-AV-COLOR-150x150.jpg 150w, https:\/\/uniformelaboral.com\/wp-content\/uploads\/2022\/10\/ICONO-JERSEY-AV-COLOR-300x300.jpg 300w, https:\/\/uniformelaboral.com\/wp-content\/uploads\/2022\/10\/ICONO-JERSEY-AV-COLOR-1024x1024.jpg 1024w, https:\/\/uniformelaboral.com\/wp-content\/uploads\/2022\/10\/ICONO-JERSEY-AV-COLOR-768x768.jpg 768w, https:\/\/uniformelaboral.com\/wp-content\/uploads\/2022\/10\/ICONO-JERSEY-AV-COLOR-324x324.jpg 324w, https:\/\/uniformelaboral.com\/wp-content\/uploads\/2022\/10\/ICONO-JERSEY-AV-COLOR-416x416.jpg 416w, https:\/\/uniformelaboral.com\/wp-content\/uploads\/2022\/10\/ICONO-JERSEY-AV-COLOR-100x100.jpg 100w, https:\/\/uniformelaboral.com\/wp-content\/uploads\/2022\/10\/ICONO-JERSEY-AV-COLOR.jpg 1466w\" sizes=\"auto, (max-width: 113px) 100vw, 113px\" \/><\/a><\/figure><\/div>\n\n<p class=\"has-text-align-center has-medium-font-size\"><a href=\"https:\/\/uniformelaboral.com\/index.php\/jerseis-alta-visibilitat\/\">JERSEIS<\/a><\/p><\/div>\n\n<div class=\"wp-block-column is-vertically-aligned-center is-layout-flow wp-block-column-is-layout-flow\"><div class=\"wp-block-image\"><figure class=\"aligncenter size-thumbnail is-resized\"><a href=\"https:\/\/uniformelaboral.com\/index.php\/camises-alta-visibilitat\/\"><img loading=\"lazy\" decoding=\"async\" src=\"https:\/\/uniformelaboral.com\/wp-content\/uploads\/2022\/10\/ICONO-CAMISAS-AV-COLOR-150x150.jpg\" alt=\"\" class=\"wp-image-19699\" width=\"113\" height=\"113\" srcset=\"https:\/\/uniformelaboral.com\/wp-content\/uploads\/2022\/10\/ICONO-CAMISAS-AV-COLOR-150x150.jpg 150w, https:\/\/uniformelaboral.com\/wp-content\/uploads\/2022\/10\/ICONO-CAMISAS-AV-COLOR-300x300.jpg 300w, https:\/\/uniformelaboral.com\/wp-content\/uploads\/2022\/10\/ICONO-CAMISAS-AV-COLOR-1024x1024.jpg 1024w, https:\/\/uniformelaboral.com\/wp-content\/uploads\/2022\/10\/ICONO-CAMISAS-AV-COLOR-768x768.jpg 768w, https:\/\/uniformelaboral.com\/wp-content\/uploads\/2022\/10\/ICONO-CAMISAS-AV-COLOR-324x324.jpg 324w, https:\/\/uniformelaboral.com\/wp-content\/uploads\/2022\/10\/ICONO-CAMISAS-AV-COLOR-416x416.jpg 416w, https:\/\/uniformelaboral.com\/wp-content\/uploads\/2022\/10\/ICONO-CAMISAS-AV-COLOR-100x100.jpg 100w, https:\/\/uniformelaboral.com\/wp-content\/uploads\/2022\/10\/ICONO-CAMISAS-AV-COLOR.jpg 1466w\" sizes=\"auto, (max-width: 113px) 100vw, 113px\" \/><\/a><\/figure><\/div>\n\n<p class=\"has-text-align-center has-medium-font-size\"><a href=\"https:\/\/uniformelaboral.com\/index.php\/camises-alta-visibilitat\/\">CAMISES<\/a><\/p><\/div><\/div><div class=\"wp-block-columns are-vertically-aligned-center is-layout-flex wp-container-core-columns-is-layout-3 wp-block-columns-is-layout-flex\"><div class=\"wp-block-column is-vertically-aligned-center is-layout-flow wp-block-column-is-layout-flow\"><div class=\"wp-block-image\"><figure class=\"aligncenter size-thumbnail is-resized\"><a href=\"https:\/\/uniformelaboral.com\/index.php\/armilles-xalecos-alta-visibilitat\/\"><img loading=\"lazy\" decoding=\"async\" src=\"https:\/\/uniformelaboral.com\/wp-content\/uploads\/2022\/10\/ICONO-CHALECOS-AV-150x150.jpg\" alt=\"\" class=\"wp-image-19701\" width=\"113\" height=\"113\" srcset=\"https:\/\/uniformelaboral.com\/wp-content\/uploads\/2022\/10\/ICONO-CHALECOS-AV-150x150.jpg 150w, https:\/\/uniformelaboral.com\/wp-content\/uploads\/2022\/10\/ICONO-CHALECOS-AV-300x300.jpg 300w, https:\/\/uniformelaboral.com\/wp-content\/uploads\/2022\/10\/ICONO-CHALECOS-AV-1024x1024.jpg 1024w, https:\/\/uniformelaboral.com\/wp-content\/uploads\/2022\/10\/ICONO-CHALECOS-AV-768x768.jpg 768w, https:\/\/uniformelaboral.com\/wp-content\/uploads\/2022\/10\/ICONO-CHALECOS-AV-324x324.jpg 324w, https:\/\/uniformelaboral.com\/wp-content\/uploads\/2022\/10\/ICONO-CHALECOS-AV-416x416.jpg 416w, https:\/\/uniformelaboral.com\/wp-content\/uploads\/2022\/10\/ICONO-CHALECOS-AV-100x100.jpg 100w, https:\/\/uniformelaboral.com\/wp-content\/uploads\/2022\/10\/ICONO-CHALECOS-AV.jpg 1466w\" sizes=\"auto, (max-width: 113px) 100vw, 113px\" \/><\/a><\/figure><\/div>\n\n<p class=\"has-text-align-center has-medium-font-size\"><a href=\"https:\/\/uniformelaboral.com\/index.php\/armilles-xalecos-alta-visibilitat\/\">ARMILLES \/ XALECOS<\/a><\/p><\/div>\n\n<div class=\"wp-block-column is-vertically-aligned-center is-layout-flow wp-block-column-is-layout-flow\"><div class=\"wp-block-image\"><figure class=\"aligncenter size-thumbnail is-resized\"><a href=\"https:\/\/uniformelaboral.com\/index.php\/dessuadores-alta-visibilitat\/\"><img loading=\"lazy\" decoding=\"async\" src=\"https:\/\/uniformelaboral.com\/wp-content\/uploads\/2022\/10\/ICONO-SUDADERA-AV-COLOR-150x150.jpg\" alt=\"\" class=\"wp-image-19714\" width=\"113\" height=\"113\" srcset=\"https:\/\/uniformelaboral.com\/wp-content\/uploads\/2022\/10\/ICONO-SUDADERA-AV-COLOR-150x150.jpg 150w, https:\/\/uniformelaboral.com\/wp-content\/uploads\/2022\/10\/ICONO-SUDADERA-AV-COLOR-300x300.jpg 300w, https:\/\/uniformelaboral.com\/wp-content\/uploads\/2022\/10\/ICONO-SUDADERA-AV-COLOR-1024x1024.jpg 1024w, https:\/\/uniformelaboral.com\/wp-content\/uploads\/2022\/10\/ICONO-SUDADERA-AV-COLOR-768x768.jpg 768w, https:\/\/uniformelaboral.com\/wp-content\/uploads\/2022\/10\/ICONO-SUDADERA-AV-COLOR-324x324.jpg 324w, https:\/\/uniformelaboral.com\/wp-content\/uploads\/2022\/10\/ICONO-SUDADERA-AV-COLOR-416x416.jpg 416w, https:\/\/uniformelaboral.com\/wp-content\/uploads\/2022\/10\/ICONO-SUDADERA-AV-COLOR-100x100.jpg 100w, https:\/\/uniformelaboral.com\/wp-content\/uploads\/2022\/10\/ICONO-SUDADERA-AV-COLOR.jpg 1466w\" sizes=\"auto, (max-width: 113px) 100vw, 113px\" \/><\/a><\/figure><\/div>\n\n<p class=\"has-text-align-center has-medium-font-size\"><a href=\"https:\/\/uniformelaboral.com\/index.php\/dessuadores-alta-visibilitat\/\">POLARS<\/a><\/p><\/div>\n\n<div class=\"wp-block-column is-vertically-aligned-center is-layout-flow wp-block-column-is-layout-flow\"><div class=\"wp-block-image\"><figure class=\"aligncenter size-thumbnail is-resized\"><a href=\"https:\/\/uniformelaboral.com\/index.php\/impermeables-alta-visibilitat\/\"><img loading=\"lazy\" decoding=\"async\" src=\"https:\/\/uniformelaboral.com\/wp-content\/uploads\/2022\/10\/ICONO-IMPERMEABLE-AV-150x150.jpg\" alt=\"\" class=\"wp-image-19703\" width=\"113\" height=\"113\" srcset=\"https:\/\/uniformelaboral.com\/wp-content\/uploads\/2022\/10\/ICONO-IMPERMEABLE-AV-150x150.jpg 150w, https:\/\/uniformelaboral.com\/wp-content\/uploads\/2022\/10\/ICONO-IMPERMEABLE-AV-300x300.jpg 300w, https:\/\/uniformelaboral.com\/wp-content\/uploads\/2022\/10\/ICONO-IMPERMEABLE-AV-1024x1024.jpg 1024w, https:\/\/uniformelaboral.com\/wp-content\/uploads\/2022\/10\/ICONO-IMPERMEABLE-AV-768x768.jpg 768w, https:\/\/uniformelaboral.com\/wp-content\/uploads\/2022\/10\/ICONO-IMPERMEABLE-AV-324x324.jpg 324w, https:\/\/uniformelaboral.com\/wp-content\/uploads\/2022\/10\/ICONO-IMPERMEABLE-AV-416x416.jpg 416w, https:\/\/uniformelaboral.com\/wp-content\/uploads\/2022\/10\/ICONO-IMPERMEABLE-AV-100x100.jpg 100w, https:\/\/uniformelaboral.com\/wp-content\/uploads\/2022\/10\/ICONO-IMPERMEABLE-AV.jpg 1466w\" sizes=\"auto, (max-width: 113px) 100vw, 113px\" \/><\/a><\/figure><\/div>\n\n<p class=\"has-text-align-center has-medium-font-size\"><a href=\"https:\/\/uniformelaboral.com\/index.php\/impermeables-alta-visibilitat\/\">IMPERMEABLES<\/a><\/p><\/div><\/div><div class=\"wp-block-columns are-vertically-aligned-center is-layout-flex wp-container-core-columns-is-layout-4 wp-block-columns-is-layout-flex\"><div class=\"wp-block-column is-vertically-aligned-center is-layout-flow wp-block-column-is-layout-flow\"><div class=\"wp-block-image\"><figure class=\"aligncenter size-thumbnail is-resized\"><a href=\"https:\/\/uniformelaboral.com\/index.php\/cacadores-alta-visibilitat\/\"><img loading=\"lazy\" decoding=\"async\" src=\"https:\/\/uniformelaboral.com\/wp-content\/uploads\/2022\/10\/ICONO-PARKA-ALTA-VISIBILITAT-COLOR-150x150.jpg\" alt=\"\" class=\"wp-image-19717\" width=\"113\" height=\"113\" srcset=\"https:\/\/uniformelaboral.com\/wp-content\/uploads\/2022\/10\/ICONO-PARKA-ALTA-VISIBILITAT-COLOR-150x150.jpg 150w, https:\/\/uniformelaboral.com\/wp-content\/uploads\/2022\/10\/ICONO-PARKA-ALTA-VISIBILITAT-COLOR-300x300.jpg 300w, https:\/\/uniformelaboral.com\/wp-content\/uploads\/2022\/10\/ICONO-PARKA-ALTA-VISIBILITAT-COLOR-1024x1024.jpg 1024w, https:\/\/uniformelaboral.com\/wp-content\/uploads\/2022\/10\/ICONO-PARKA-ALTA-VISIBILITAT-COLOR-768x768.jpg 768w, https:\/\/uniformelaboral.com\/wp-content\/uploads\/2022\/10\/ICONO-PARKA-ALTA-VISIBILITAT-COLOR-324x324.jpg 324w, https:\/\/uniformelaboral.com\/wp-content\/uploads\/2022\/10\/ICONO-PARKA-ALTA-VISIBILITAT-COLOR-416x416.jpg 416w, https:\/\/uniformelaboral.com\/wp-content\/uploads\/2022\/10\/ICONO-PARKA-ALTA-VISIBILITAT-COLOR-100x100.jpg 100w, https:\/\/uniformelaboral.com\/wp-content\/uploads\/2022\/10\/ICONO-PARKA-ALTA-VISIBILITAT-COLOR.jpg 1466w\" sizes=\"auto, (max-width: 113px) 100vw, 113px\" \/><\/a><\/figure><\/div>\n\n<p class=\"has-text-align-center has-medium-font-size\"><a href=\"https:\/\/uniformelaboral.com\/index.php\/cacadores-alta-visibilitat\/\">CA\u00c7ADORES<\/a><\/p><\/div>\n\n<div class=\"wp-block-column is-vertically-aligned-center is-layout-flow wp-block-column-is-layout-flow\"><p class=\"has-text-align-center\"><\/p><\/div>\n\n<div class=\"wp-block-column is-vertically-aligned-center is-layout-flow wp-block-column-is-layout-flow\"><p class=\"has-text-align-center\"><\/p><\/div><\/div><h3 style=\"text-align: center;\"><strong>TOTS ELS PRODUCTES<\/strong><\/h3>\n<div class=\"woocommerce columns-4 \"><ul class=\"products columns-4\">\n<li class=\"tm-has-options product type-product post-469 status-publish first instock product_cat-av-alta-visibilidad product_cat-ignifug-antiestatic product_cat-pantalons product_cat-soldadors has-post-thumbnail taxable shipping-taxable purchasable product-type-simple\">\n\t<a href=\"https:\/\/uniformelaboral.com\/index.php\/producto\/pantalo-basic-algodon-b1498\/\" class=\"woocommerce-LoopProduct-link woocommerce-loop-product__link\"><img loading=\"lazy\" decoding=\"async\" width=\"324\" height=\"324\" src=\"https:\/\/uniformelaboral.com\/wp-content\/uploads\/2020\/02\/B1498-GRO-0-324x324.jpg\" class=\"attachment-woocommerce_thumbnail size-woocommerce_thumbnail\" alt=\"\" srcset=\"https:\/\/uniformelaboral.com\/wp-content\/uploads\/2020\/02\/B1498-GRO-0-324x324.jpg 324w, https:\/\/uniformelaboral.com\/wp-content\/uploads\/2020\/02\/B1498-GRO-0-150x150.jpg 150w, https:\/\/uniformelaboral.com\/wp-content\/uploads\/2020\/02\/B1498-GRO-0-100x100.jpg 100w\" sizes=\"auto, (max-width: 324px) 100vw, 324px\" \/><h2 class=\"woocommerce-loop-product__title\">PANTAL\u00d3 T\u00c8CNIC IGN\u00cdFUG\/ANTIEST\u00c1TIC WORK B1498 \/ 63.77\u20ac<\/h2>\n<\/a><a href=\"https:\/\/uniformelaboral.com\/index.php\/producto\/pantalo-basic-algodon-b1498\/\" aria-describedby=\"woocommerce_loop_add_to_cart_link_describedby_469\" data-quantity=\"1\" class=\"button product_type_simple add_to_cart_button ajax_add_to_cart\" data-product_id=\"469\" data-product_sku=\"B1498\" aria-label=\"Afegeix a la cistella: &ldquo;PANTAL\u00d3 T\u00c8CNIC IGN\u00cdFUG\/ANTIEST\u00c1TIC WORK B1498 \/ 63.77\u20ac&rdquo;\" rel=\"nofollow\" data-success_message=\"&ldquo;PANTAL\u00d3 T\u00c8CNIC IGN\u00cdFUG\/ANTIEST\u00c1TIC WORK B1498 \/ 63.77\u20ac&rdquo; s&#039;ha afegit a la vostra cistella\">COMPRAR<\/a>\t<span id=\"woocommerce_loop_add_to_cart_link_describedby_469\" class=\"screen-reader-text\">\n\t\t\t<\/span>\n<\/li>\n<li class=\"product type-product post-506 status-publish instock product_cat-av-alta-visibilidad product_cat-jersei has-post-thumbnail taxable shipping-taxable purchasable product-type-simple\">\n\t<a href=\"https:\/\/uniformelaboral.com\/index.php\/producto\/jersei-coll-rodo-amb-butxaca-i-2-cintes-reflectants-gris-s5507\/\" class=\"woocommerce-LoopProduct-link woocommerce-loop-product__link\"><img loading=\"lazy\" decoding=\"async\" width=\"324\" height=\"324\" src=\"https:\/\/uniformelaboral.com\/wp-content\/uploads\/2020\/02\/S5507-GR-0-2-324x324.jpg\" class=\"attachment-woocommerce_thumbnail size-woocommerce_thumbnail\" alt=\"\" srcset=\"https:\/\/uniformelaboral.com\/wp-content\/uploads\/2020\/02\/S5507-GR-0-2-324x324.jpg 324w, https:\/\/uniformelaboral.com\/wp-content\/uploads\/2020\/02\/S5507-GR-0-2-150x150.jpg 150w, https:\/\/uniformelaboral.com\/wp-content\/uploads\/2020\/02\/S5507-GR-0-2-100x100.jpg 100w\" sizes=\"auto, (max-width: 324px) 100vw, 324px\" \/><h2 class=\"woocommerce-loop-product__title\">JERSEY FLUOR A\/V WORK S5507 \/ 22.89\u20ac<\/h2>\n<\/a><a href=\"https:\/\/uniformelaboral.com\/index.php\/producto\/jersei-coll-rodo-amb-butxaca-i-2-cintes-reflectants-gris-s5507\/\" aria-describedby=\"woocommerce_loop_add_to_cart_link_describedby_506\" data-quantity=\"1\" class=\"button product_type_simple add_to_cart_button ajax_add_to_cart\" data-product_id=\"506\" data-product_sku=\"S5507\" aria-label=\"Afegeix a la cistella: &ldquo;JERSEY FLUOR A\/V WORK S5507 \/ 22.89\u20ac&rdquo;\" rel=\"nofollow\" data-success_message=\"&ldquo;JERSEY FLUOR A\/V WORK S5507 \/ 22.89\u20ac&rdquo; s&#039;ha afegit a la vostra cistella\">COMPRAR<\/a>\t<span id=\"woocommerce_loop_add_to_cart_link_describedby_506\" class=\"screen-reader-text\">\n\t\t\t<\/span>\n<\/li>\n<li class=\"product type-product post-423 status-publish instock product_cat-av-alta-visibilidad product_cat-cacadora-alta has-post-thumbnail taxable shipping-taxable purchasable product-type-simple\">\n\t<a href=\"https:\/\/uniformelaboral.com\/index.php\/producto\/armilla-combi-alta-visibilitat-c3615\/\" class=\"woocommerce-LoopProduct-link woocommerce-loop-product__link\"><img loading=\"lazy\" decoding=\"async\" width=\"324\" height=\"324\" src=\"https:\/\/uniformelaboral.com\/wp-content\/uploads\/2020\/02\/C3615-AAV_NG-0-1-324x324.jpg\" class=\"attachment-woocommerce_thumbnail size-woocommerce_thumbnail\" alt=\"\" srcset=\"https:\/\/uniformelaboral.com\/wp-content\/uploads\/2020\/02\/C3615-AAV_NG-0-1-324x324.jpg 324w, https:\/\/uniformelaboral.com\/wp-content\/uploads\/2020\/02\/C3615-AAV_NG-0-1-150x150.jpg 150w, https:\/\/uniformelaboral.com\/wp-content\/uploads\/2020\/02\/C3615-AAV_NG-0-1-100x100.jpg 100w\" sizes=\"auto, (max-width: 324px) 100vw, 324px\" \/><h2 class=\"woocommerce-loop-product__title\">ARMILLA XALECO FLUOR A\/V AMB CREMALLERA WORK C3615 \/ 5.75\u20ac<\/h2>\n<\/a><a href=\"https:\/\/uniformelaboral.com\/index.php\/producto\/armilla-combi-alta-visibilitat-c3615\/\" aria-describedby=\"woocommerce_loop_add_to_cart_link_describedby_423\" data-quantity=\"1\" class=\"button product_type_simple add_to_cart_button ajax_add_to_cart\" data-product_id=\"423\" data-product_sku=\"C3615\" aria-label=\"Afegeix a la cistella: &ldquo;ARMILLA XALECO FLUOR A\/V AMB CREMALLERA WORK C3615 \/ 5.75\u20ac&rdquo;\" rel=\"nofollow\" data-success_message=\"&ldquo;ARMILLA XALECO FLUOR A\/V AMB CREMALLERA WORK C3615 \/ 5.75\u20ac&rdquo; s&#039;ha afegit a la vostra cistella\">COMPRAR<\/a>\t<span id=\"woocommerce_loop_add_to_cart_link_describedby_423\" class=\"screen-reader-text\">\n\t\t\t<\/span>\n<\/li>\n<li class=\"product type-product post-460 status-publish last instock product_cat-av-alta-visibilidad product_cat-multibutxaques product_cat-pantalons product_cat-reforcats has-post-thumbnail taxable shipping-taxable purchasable product-type-simple\">\n\t<a href=\"https:\/\/uniformelaboral.com\/index.php\/producto\/pantalo-combi-c4016\/\" class=\"woocommerce-LoopProduct-link woocommerce-loop-product__link\"><img loading=\"lazy\" decoding=\"async\" width=\"324\" height=\"324\" src=\"https:\/\/uniformelaboral.com\/wp-content\/uploads\/2020\/02\/C4016-MR-0-1-1-324x324.jpg\" class=\"attachment-woocommerce_thumbnail size-woocommerce_thumbnail\" alt=\"\" srcset=\"https:\/\/uniformelaboral.com\/wp-content\/uploads\/2020\/02\/C4016-MR-0-1-1-324x324.jpg 324w, https:\/\/uniformelaboral.com\/wp-content\/uploads\/2020\/02\/C4016-MR-0-1-1-150x150.jpg 150w, https:\/\/uniformelaboral.com\/wp-content\/uploads\/2020\/02\/C4016-MR-0-1-1-100x100.jpg 100w\" sizes=\"auto, (max-width: 324px) 100vw, 324px\" \/><h2 class=\"woocommerce-loop-product__title\">PANTAL\u00d3 FLUOR A\/V REFOR\u00c7AT WORK C4016 \/ 22.82\u20ac<\/h2>\n<\/a><a href=\"https:\/\/uniformelaboral.com\/index.php\/producto\/pantalo-combi-c4016\/\" aria-describedby=\"woocommerce_loop_add_to_cart_link_describedby_460\" data-quantity=\"1\" class=\"button product_type_simple add_to_cart_button ajax_add_to_cart\" data-product_id=\"460\" data-product_sku=\"C4016\" aria-label=\"Afegeix a la cistella: &ldquo;PANTAL\u00d3 FLUOR A\/V REFOR\u00c7AT WORK C4016 \/ 22.82\u20ac&rdquo;\" rel=\"nofollow\" data-success_message=\"&ldquo;PANTAL\u00d3 FLUOR A\/V REFOR\u00c7AT WORK C4016 \/ 22.82\u20ac&rdquo; s&#039;ha afegit a la vostra cistella\">COMPRAR<\/a>\t<span id=\"woocommerce_loop_add_to_cart_link_describedby_460\" class=\"screen-reader-text\">\n\t\t\t<\/span>\n<\/li>\n<li class=\"product type-product post-32942 status-publish first instock product_cat-av-alta-visibilidad product_cat-highviz product_cat-polars product_cat-highvisjackets product_cat-workwear has-post-thumbnail taxable shipping-taxable purchasable product-type-variable\">\n\t<a href=\"https:\/\/uniformelaboral.com\/index.php\/producto\/spica\/\" class=\"woocommerce-LoopProduct-link woocommerce-loop-product__link\"><img loading=\"lazy\" decoding=\"async\" width=\"324\" height=\"324\" src=\"https:\/\/uniformelaboral.com\/wp-content\/uploads\/2025\/02\/9314_221_1_1-324x324.jpg\" class=\"attachment-woocommerce_thumbnail size-woocommerce_thumbnail\" alt=\"\" srcset=\"https:\/\/uniformelaboral.com\/wp-content\/uploads\/2025\/02\/9314_221_1_1-324x324.jpg 324w, https:\/\/uniformelaboral.com\/wp-content\/uploads\/2025\/02\/9314_221_1_1-150x150.jpg 150w, https:\/\/uniformelaboral.com\/wp-content\/uploads\/2025\/02\/9314_221_1_1-100x100.jpg 100w\" sizes=\"auto, (max-width: 324px) 100vw, 324px\" \/><h2 class=\"woocommerce-loop-product__title\">SPICA<\/h2>\n<\/a><a href=\"https:\/\/uniformelaboral.com\/index.php\/producto\/spica\/\" aria-describedby=\"woocommerce_loop_add_to_cart_link_describedby_32942\" data-quantity=\"1\" class=\"button product_type_variable add_to_cart_button\" data-product_id=\"32942\" data-product_sku=\"HV9314\" aria-label=\"Selecciona opcions per a &ldquo;SPICA&rdquo;\" rel=\"nofollow\">COMPRAR<\/a>\t<span id=\"woocommerce_loop_add_to_cart_link_describedby_32942\" class=\"screen-reader-text\">\n\t\tAquest producte t\u00e9 diverses variants. Les opcions es poden triar a la p\u00e0gina del producte\t<\/span>\n<\/li>\n<li class=\"product type-product post-3306 status-publish instock product_cat-av-alta-visibilidad product_cat-maniga-llarga-2 product_cat-polos has-post-thumbnail taxable shipping-taxable purchasable product-type-simple\">\n\t<a href=\"https:\/\/uniformelaboral.com\/index.php\/producto\/polo-fluor-a-v-work-c3870\/\" class=\"woocommerce-LoopProduct-link woocommerce-loop-product__link\"><img loading=\"lazy\" decoding=\"async\" width=\"324\" height=\"324\" src=\"https:\/\/uniformelaboral.com\/wp-content\/uploads\/2020\/06\/C3870-AAV_VDO-0-1-324x324.jpg\" class=\"attachment-woocommerce_thumbnail size-woocommerce_thumbnail\" alt=\"\" srcset=\"https:\/\/uniformelaboral.com\/wp-content\/uploads\/2020\/06\/C3870-AAV_VDO-0-1-324x324.jpg 324w, https:\/\/uniformelaboral.com\/wp-content\/uploads\/2020\/06\/C3870-AAV_VDO-0-1-150x150.jpg 150w, https:\/\/uniformelaboral.com\/wp-content\/uploads\/2020\/06\/C3870-AAV_VDO-0-1-100x100.jpg 100w\" sizes=\"auto, (max-width: 324px) 100vw, 324px\" \/><h2 class=\"woocommerce-loop-product__title\">POLO FLUOR A\/V WORK C3870 \/ 13.16\u20ac<\/h2>\n<\/a><a href=\"https:\/\/uniformelaboral.com\/index.php\/producto\/polo-fluor-a-v-work-c3870\/\" aria-describedby=\"woocommerce_loop_add_to_cart_link_describedby_3306\" data-quantity=\"1\" class=\"button product_type_simple add_to_cart_button ajax_add_to_cart\" data-product_id=\"3306\" data-product_sku=\"C3870\" aria-label=\"Afegeix a la cistella: &ldquo;POLO FLUOR A\/V WORK C3870 \/ 13.16\u20ac&rdquo;\" rel=\"nofollow\" data-success_message=\"&ldquo;POLO FLUOR A\/V WORK C3870 \/ 13.16\u20ac&rdquo; s&#039;ha afegit a la vostra cistella\">COMPRAR<\/a>\t<span id=\"woocommerce_loop_add_to_cart_link_describedby_3306\" class=\"screen-reader-text\">\n\t\t\t<\/span>\n<\/li>\n<li class=\"product type-product post-31858 status-publish instock product_cat-av-alta-visibilidad product_cat-ignifug-antiestatic product_cat-fire_retardant product_cat-maniga-llarga-5 product_cat-pantalons product_cat-polos-industria product_cat-industrypolos product_cat-workwear has-post-thumbnail taxable shipping-taxable purchasable product-type-variable\">\n\t<a href=\"https:\/\/uniformelaboral.com\/index.php\/producto\/santana\/\" class=\"woocommerce-LoopProduct-link woocommerce-loop-product__link\"><img loading=\"lazy\" decoding=\"async\" width=\"324\" height=\"324\" src=\"https:\/\/uniformelaboral.com\/wp-content\/uploads\/2025\/02\/9402_55_1_1-324x324.jpg\" class=\"attachment-woocommerce_thumbnail size-woocommerce_thumbnail\" alt=\"\" srcset=\"https:\/\/uniformelaboral.com\/wp-content\/uploads\/2025\/02\/9402_55_1_1-324x324.jpg 324w, https:\/\/uniformelaboral.com\/wp-content\/uploads\/2025\/02\/9402_55_1_1-150x150.jpg 150w, https:\/\/uniformelaboral.com\/wp-content\/uploads\/2025\/02\/9402_55_1_1-100x100.jpg 100w\" sizes=\"auto, (max-width: 324px) 100vw, 324px\" \/><h2 class=\"woocommerce-loop-product__title\">SANTANA<\/h2>\n<\/a><a href=\"https:\/\/uniformelaboral.com\/index.php\/producto\/santana\/\" aria-describedby=\"woocommerce_loop_add_to_cart_link_describedby_31858\" data-quantity=\"1\" class=\"button product_type_variable add_to_cart_button\" data-product_id=\"31858\" data-product_sku=\"FR9402\" aria-label=\"Selecciona opcions per a &ldquo;SANTANA&rdquo;\" rel=\"nofollow\">COMPRAR<\/a>\t<span id=\"woocommerce_loop_add_to_cart_link_describedby_31858\" class=\"screen-reader-text\">\n\t\tAquest producte t\u00e9 diverses variants. Les opcions es poden triar a la p\u00e0gina del producte\t<\/span>\n<\/li>\n<li class=\"product type-product post-16320 status-publish last instock product_cat-av-alta-visibilidad product_cat-cacadora-alta has-post-thumbnail taxable shipping-taxable purchasable product-type-simple\">\n\t<a href=\"https:\/\/uniformelaboral.com\/index.php\/producto\/armilla-fluor-a-v-work-c3209\/\" class=\"woocommerce-LoopProduct-link woocommerce-loop-product__link\"><img loading=\"lazy\" decoding=\"async\" width=\"324\" height=\"324\" src=\"https:\/\/uniformelaboral.com\/wp-content\/uploads\/2020\/07\/C3209-AAV-0-1-324x324.jpg\" class=\"attachment-woocommerce_thumbnail size-woocommerce_thumbnail\" alt=\"\" srcset=\"https:\/\/uniformelaboral.com\/wp-content\/uploads\/2020\/07\/C3209-AAV-0-1-324x324.jpg 324w, https:\/\/uniformelaboral.com\/wp-content\/uploads\/2020\/07\/C3209-AAV-0-1-150x150.jpg 150w, https:\/\/uniformelaboral.com\/wp-content\/uploads\/2020\/07\/C3209-AAV-0-1-100x100.jpg 100w\" sizes=\"auto, (max-width: 324px) 100vw, 324px\" \/><h2 class=\"woocommerce-loop-product__title\">ARMILLA FLUOR A\/V WORK C3209 \/ 26.88\u20ac<\/h2>\n<\/a><a href=\"https:\/\/uniformelaboral.com\/index.php\/producto\/armilla-fluor-a-v-work-c3209\/\" aria-describedby=\"woocommerce_loop_add_to_cart_link_describedby_16320\" data-quantity=\"1\" class=\"button product_type_simple add_to_cart_button ajax_add_to_cart\" data-product_id=\"16320\" data-product_sku=\"C3209\" aria-label=\"Afegeix a la cistella: &ldquo;ARMILLA FLUOR A\/V WORK C3209 \/ 26.88\u20ac&rdquo;\" rel=\"nofollow\" data-success_message=\"&ldquo;ARMILLA FLUOR A\/V WORK C3209 \/ 26.88\u20ac&rdquo; s&#039;ha afegit a la vostra cistella\">COMPRAR<\/a>\t<span id=\"woocommerce_loop_add_to_cart_link_describedby_16320\" class=\"screen-reader-text\">\n\t\t\t<\/span>\n<\/li>\n<li class=\"product type-product post-32491 status-publish first instock product_cat-av-alta-visibilidad product_cat-highviz product_cat-parques-w-shell product_cat-highvissoftshell product_cat-jaquetes product_cat-workwear has-post-thumbnail taxable shipping-taxable purchasable product-type-variable\">\n\t<a href=\"https:\/\/uniformelaboral.com\/index.php\/producto\/antares\/\" class=\"woocommerce-LoopProduct-link woocommerce-loop-product__link\"><img loading=\"lazy\" decoding=\"async\" width=\"324\" height=\"324\" src=\"https:\/\/uniformelaboral.com\/wp-content\/uploads\/2025\/02\/9303_55221_1_1-324x324.jpg\" class=\"attachment-woocommerce_thumbnail size-woocommerce_thumbnail\" alt=\"\" srcset=\"https:\/\/uniformelaboral.com\/wp-content\/uploads\/2025\/02\/9303_55221_1_1-324x324.jpg 324w, https:\/\/uniformelaboral.com\/wp-content\/uploads\/2025\/02\/9303_55221_1_1-150x150.jpg 150w, https:\/\/uniformelaboral.com\/wp-content\/uploads\/2025\/02\/9303_55221_1_1-100x100.jpg 100w\" sizes=\"auto, (max-width: 324px) 100vw, 324px\" \/><h2 class=\"woocommerce-loop-product__title\">ANTARES<\/h2>\n<\/a><a href=\"https:\/\/uniformelaboral.com\/index.php\/producto\/antares\/\" aria-describedby=\"woocommerce_loop_add_to_cart_link_describedby_32491\" data-quantity=\"1\" class=\"button product_type_variable add_to_cart_button\" data-product_id=\"32491\" data-product_sku=\"HV9303\" aria-label=\"Selecciona opcions per a &ldquo;ANTARES&rdquo;\" rel=\"nofollow\">COMPRAR<\/a>\t<span id=\"woocommerce_loop_add_to_cart_link_describedby_32491\" class=\"screen-reader-text\">\n\t\tAquest producte t\u00e9 diverses variants. Les opcions es poden triar a la p\u00e0gina del producte\t<\/span>\n<\/li>\n<li class=\"product type-product post-33286 status-publish instock product_cat-av-alta-visibilidad product_cat-highviz product_cat-folrats product_cat-multibutxaques product_cat-highvispantalones product_cat-pantalons product_cat-workwear has-post-thumbnail taxable shipping-taxable purchasable product-type-variable\">\n\t<a href=\"https:\/\/uniformelaboral.com\/index.php\/producto\/enix\/\" class=\"woocommerce-LoopProduct-link woocommerce-loop-product__link\"><img loading=\"lazy\" decoding=\"async\" width=\"324\" height=\"324\" src=\"https:\/\/uniformelaboral.com\/wp-content\/uploads\/2025\/02\/9321_52221_1_1-324x324.jpg\" class=\"attachment-woocommerce_thumbnail size-woocommerce_thumbnail\" alt=\"\" srcset=\"https:\/\/uniformelaboral.com\/wp-content\/uploads\/2025\/02\/9321_52221_1_1-324x324.jpg 324w, https:\/\/uniformelaboral.com\/wp-content\/uploads\/2025\/02\/9321_52221_1_1-150x150.jpg 150w, https:\/\/uniformelaboral.com\/wp-content\/uploads\/2025\/02\/9321_52221_1_1-100x100.jpg 100w\" sizes=\"auto, (max-width: 324px) 100vw, 324px\" \/><h2 class=\"woocommerce-loop-product__title\">ENIX<\/h2>\n<\/a><a href=\"https:\/\/uniformelaboral.com\/index.php\/producto\/enix\/\" aria-describedby=\"woocommerce_loop_add_to_cart_link_describedby_33286\" data-quantity=\"1\" class=\"button product_type_variable add_to_cart_button\" data-product_id=\"33286\" data-product_sku=\"HV9321\" aria-label=\"Selecciona opcions per a &ldquo;ENIX&rdquo;\" rel=\"nofollow\">COMPRAR<\/a>\t<span id=\"woocommerce_loop_add_to_cart_link_describedby_33286\" class=\"screen-reader-text\">\n\t\tAquest producte t\u00e9 diverses variants. Les opcions es poden triar a la p\u00e0gina del producte\t<\/span>\n<\/li>\n<li class=\"product type-product post-33228 status-publish instock product_cat-av-alta-visibilidad product_cat-highviz product_cat-highviscoats product_cat-parques product_cat-parques-w-shell product_cat-workwear has-post-thumbnail taxable shipping-taxable purchasable product-type-variable\">\n\t<a href=\"https:\/\/uniformelaboral.com\/index.php\/producto\/merak\/\" class=\"woocommerce-LoopProduct-link woocommerce-loop-product__link\"><img loading=\"lazy\" decoding=\"async\" width=\"324\" height=\"324\" src=\"https:\/\/uniformelaboral.com\/wp-content\/uploads\/2025\/02\/9320_55221_1_1-324x324.jpg\" class=\"attachment-woocommerce_thumbnail size-woocommerce_thumbnail\" alt=\"\" srcset=\"https:\/\/uniformelaboral.com\/wp-content\/uploads\/2025\/02\/9320_55221_1_1-324x324.jpg 324w, https:\/\/uniformelaboral.com\/wp-content\/uploads\/2025\/02\/9320_55221_1_1-150x150.jpg 150w, https:\/\/uniformelaboral.com\/wp-content\/uploads\/2025\/02\/9320_55221_1_1-100x100.jpg 100w\" sizes=\"auto, (max-width: 324px) 100vw, 324px\" \/><h2 class=\"woocommerce-loop-product__title\">MERAK<\/h2>\n<\/a><a href=\"https:\/\/uniformelaboral.com\/index.php\/producto\/merak\/\" aria-describedby=\"woocommerce_loop_add_to_cart_link_describedby_33228\" data-quantity=\"1\" class=\"button product_type_variable add_to_cart_button\" data-product_id=\"33228\" data-product_sku=\"HV9320\" aria-label=\"Selecciona opcions per a &ldquo;MERAK&rdquo;\" rel=\"nofollow\">COMPRAR<\/a>\t<span id=\"woocommerce_loop_add_to_cart_link_describedby_33228\" class=\"screen-reader-text\">\n\t\tAquest producte t\u00e9 diverses variants. Les opcions es poden triar a la p\u00e0gina del producte\t<\/span>\n<\/li>\n<li class=\"product type-product post-16448 status-publish last instock product_cat-av-alta-visibilidad product_cat-cacadores-2 has-post-thumbnail taxable shipping-taxable purchasable product-type-simple\">\n\t<a href=\"https:\/\/uniformelaboral.com\/index.php\/producto\/jaqueta-piloto-fluor-a-v-work-c3740\/\" class=\"woocommerce-LoopProduct-link woocommerce-loop-product__link\"><img loading=\"lazy\" decoding=\"async\" width=\"324\" height=\"324\" src=\"https:\/\/uniformelaboral.com\/wp-content\/uploads\/2020\/08\/C3740-AZ_AAV-0-1-324x324.jpg\" class=\"attachment-woocommerce_thumbnail size-woocommerce_thumbnail\" alt=\"\" srcset=\"https:\/\/uniformelaboral.com\/wp-content\/uploads\/2020\/08\/C3740-AZ_AAV-0-1-324x324.jpg 324w, https:\/\/uniformelaboral.com\/wp-content\/uploads\/2020\/08\/C3740-AZ_AAV-0-1-150x150.jpg 150w, https:\/\/uniformelaboral.com\/wp-content\/uploads\/2020\/08\/C3740-AZ_AAV-0-1-100x100.jpg 100w\" sizes=\"auto, (max-width: 324px) 100vw, 324px\" \/><h2 class=\"woocommerce-loop-product__title\">JAQUETA PILOTO FLUOR A\/V WORK C3740 \/ 42,28\u20ac<\/h2>\n<\/a><a href=\"https:\/\/uniformelaboral.com\/index.php\/producto\/jaqueta-piloto-fluor-a-v-work-c3740\/\" aria-describedby=\"woocommerce_loop_add_to_cart_link_describedby_16448\" data-quantity=\"1\" class=\"button product_type_simple add_to_cart_button ajax_add_to_cart\" data-product_id=\"16448\" data-product_sku=\"C3740\" aria-label=\"Afegeix a la cistella: &ldquo;JAQUETA PILOTO FLUOR A\/V WORK C3740 \/ 42,28\u20ac&rdquo;\" rel=\"nofollow\" data-success_message=\"&ldquo;JAQUETA PILOTO FLUOR A\/V WORK C3740 \/ 42,28\u20ac&rdquo; s&#039;ha afegit a la vostra cistella\">COMPRAR<\/a>\t<span id=\"woocommerce_loop_add_to_cart_link_describedby_16448\" class=\"screen-reader-text\">\n\t\t\t<\/span>\n<\/li>\n<li class=\"product type-product post-32920 status-publish first instock product_cat-av-alta-visibilidad product_cat-highviz product_cat-cacadora-alta product_cat-highvischalecos product_cat-workwear has-post-thumbnail taxable shipping-taxable purchasable product-type-variable\">\n\t<a href=\"https:\/\/uniformelaboral.com\/index.php\/producto\/persei\/\" class=\"woocommerce-LoopProduct-link woocommerce-loop-product__link\"><img loading=\"lazy\" decoding=\"async\" width=\"324\" height=\"324\" src=\"https:\/\/uniformelaboral.com\/wp-content\/uploads\/2025\/02\/9313_55221_1_1-324x324.jpg\" class=\"attachment-woocommerce_thumbnail size-woocommerce_thumbnail\" alt=\"\" srcset=\"https:\/\/uniformelaboral.com\/wp-content\/uploads\/2025\/02\/9313_55221_1_1-324x324.jpg 324w, https:\/\/uniformelaboral.com\/wp-content\/uploads\/2025\/02\/9313_55221_1_1-150x150.jpg 150w, https:\/\/uniformelaboral.com\/wp-content\/uploads\/2025\/02\/9313_55221_1_1-100x100.jpg 100w\" sizes=\"auto, (max-width: 324px) 100vw, 324px\" \/><h2 class=\"woocommerce-loop-product__title\">PERSEI<\/h2>\n<\/a><a href=\"https:\/\/uniformelaboral.com\/index.php\/producto\/persei\/\" aria-describedby=\"woocommerce_loop_add_to_cart_link_describedby_32920\" data-quantity=\"1\" class=\"button product_type_variable add_to_cart_button\" data-product_id=\"32920\" data-product_sku=\"HV9313\" aria-label=\"Selecciona opcions per a &ldquo;PERSEI&rdquo;\" rel=\"nofollow\">COMPRAR<\/a>\t<span id=\"woocommerce_loop_add_to_cart_link_describedby_32920\" class=\"screen-reader-text\">\n\t\tAquest producte t\u00e9 diverses variants. Les opcions es poden triar a la p\u00e0gina del producte\t<\/span>\n<\/li>\n<li class=\"product type-product post-32282 status-publish instock product_cat-av-alta-visibilidad product_cat-highviz product_cat-multibutxaques product_cat-highvispantalones product_cat-pantalons product_cat-workwear has-post-thumbnail taxable shipping-taxable purchasable product-type-variable\">\n\t<a href=\"https:\/\/uniformelaboral.com\/index.php\/producto\/naos\/\" class=\"woocommerce-LoopProduct-link woocommerce-loop-product__link\"><img loading=\"lazy\" decoding=\"async\" width=\"324\" height=\"324\" src=\"https:\/\/uniformelaboral.com\/wp-content\/uploads\/2025\/02\/9300_55223_1_1-324x324.jpg\" class=\"attachment-woocommerce_thumbnail size-woocommerce_thumbnail\" alt=\"\" srcset=\"https:\/\/uniformelaboral.com\/wp-content\/uploads\/2025\/02\/9300_55223_1_1-324x324.jpg 324w, https:\/\/uniformelaboral.com\/wp-content\/uploads\/2025\/02\/9300_55223_1_1-150x150.jpg 150w, https:\/\/uniformelaboral.com\/wp-content\/uploads\/2025\/02\/9300_55223_1_1-100x100.jpg 100w\" sizes=\"auto, (max-width: 324px) 100vw, 324px\" \/><h2 class=\"woocommerce-loop-product__title\">NAOS<\/h2>\n<\/a><a href=\"https:\/\/uniformelaboral.com\/index.php\/producto\/naos\/\" aria-describedby=\"woocommerce_loop_add_to_cart_link_describedby_32282\" data-quantity=\"1\" class=\"button product_type_variable add_to_cart_button\" data-product_id=\"32282\" data-product_sku=\"HV9300\" aria-label=\"Selecciona opcions per a &ldquo;NAOS&rdquo;\" rel=\"nofollow\">COMPRAR<\/a>\t<span id=\"woocommerce_loop_add_to_cart_link_describedby_32282\" class=\"screen-reader-text\">\n\t\tAquest producte t\u00e9 diverses variants. Les opcions es poden triar a la p\u00e0gina del producte\t<\/span>\n<\/li>\n<li class=\"product type-product post-31817 status-publish instock product_cat-av-alta-visibilidad product_cat-ignifug-antiestatic product_cat-fire_retardant product_cat-industrypantalon product_cat-pantalons product_cat-workwear has-post-thumbnail taxable shipping-taxable purchasable product-type-variable\">\n\t<a href=\"https:\/\/uniformelaboral.com\/index.php\/producto\/ranger\/\" class=\"woocommerce-LoopProduct-link woocommerce-loop-product__link\"><img loading=\"lazy\" decoding=\"async\" width=\"324\" height=\"324\" src=\"https:\/\/uniformelaboral.com\/wp-content\/uploads\/2025\/02\/9400_55_1_1-324x324.jpg\" class=\"attachment-woocommerce_thumbnail size-woocommerce_thumbnail\" alt=\"\" srcset=\"https:\/\/uniformelaboral.com\/wp-content\/uploads\/2025\/02\/9400_55_1_1-324x324.jpg 324w, https:\/\/uniformelaboral.com\/wp-content\/uploads\/2025\/02\/9400_55_1_1-150x150.jpg 150w, https:\/\/uniformelaboral.com\/wp-content\/uploads\/2025\/02\/9400_55_1_1-100x100.jpg 100w\" sizes=\"auto, (max-width: 324px) 100vw, 324px\" \/><h2 class=\"woocommerce-loop-product__title\">RANGER<\/h2>\n<\/a><a href=\"https:\/\/uniformelaboral.com\/index.php\/producto\/ranger\/\" aria-describedby=\"woocommerce_loop_add_to_cart_link_describedby_31817\" data-quantity=\"1\" class=\"button product_type_variable add_to_cart_button\" data-product_id=\"31817\" data-product_sku=\"FR9400\" aria-label=\"Selecciona opcions per a &ldquo;RANGER&rdquo;\" rel=\"nofollow\">COMPRAR<\/a>\t<span id=\"woocommerce_loop_add_to_cart_link_describedby_31817\" class=\"screen-reader-text\">\n\t\tAquest producte t\u00e9 diverses variants. Les opcions es poden triar a la p\u00e0gina del producte\t<\/span>\n<\/li>\n<li class=\"product type-product post-493 status-publish last instock product_cat-av-alta-visibilidad product_cat-maniga-curta-2 product_cat-polos has-post-thumbnail taxable shipping-taxable purchasable product-type-simple\">\n\t<a href=\"https:\/\/uniformelaboral.com\/index.php\/producto\/pol-dalta-visibilitat-unisex-harold-c3880\/\" class=\"woocommerce-LoopProduct-link woocommerce-loop-product__link\"><img loading=\"lazy\" decoding=\"async\" width=\"324\" height=\"324\" src=\"https:\/\/uniformelaboral.com\/wp-content\/uploads\/2020\/02\/C3880-AAV-0-324x324.jpg\" class=\"attachment-woocommerce_thumbnail size-woocommerce_thumbnail\" alt=\"\" srcset=\"https:\/\/uniformelaboral.com\/wp-content\/uploads\/2020\/02\/C3880-AAV-0-324x324.jpg 324w, https:\/\/uniformelaboral.com\/wp-content\/uploads\/2020\/02\/C3880-AAV-0-150x150.jpg 150w, https:\/\/uniformelaboral.com\/wp-content\/uploads\/2020\/02\/C3880-AAV-0-100x100.jpg 100w\" sizes=\"auto, (max-width: 324px) 100vw, 324px\" \/><h2 class=\"woocommerce-loop-product__title\">POLO FLUOR A\/V HAROLD WORK C3880 \/ 11.20\u20ac<\/h2>\n<\/a><a href=\"https:\/\/uniformelaboral.com\/index.php\/producto\/pol-dalta-visibilitat-unisex-harold-c3880\/\" aria-describedby=\"woocommerce_loop_add_to_cart_link_describedby_493\" data-quantity=\"1\" class=\"button product_type_simple add_to_cart_button ajax_add_to_cart\" data-product_id=\"493\" data-product_sku=\"C3880\" aria-label=\"Afegeix a la cistella: &ldquo;POLO FLUOR A\/V HAROLD WORK C3880 \/ 11.20\u20ac&rdquo;\" rel=\"nofollow\" data-success_message=\"&ldquo;POLO FLUOR A\/V HAROLD WORK C3880 \/ 11.20\u20ac&rdquo; s&#039;ha afegit a la vostra cistella\">COMPRAR<\/a>\t<span id=\"woocommerce_loop_add_to_cart_link_describedby_493\" class=\"screen-reader-text\">\n\t\t\t<\/span>\n<\/li>\n<li class=\"product type-product post-31875 status-publish first instock product_cat-av-alta-visibilidad product_cat-cacadores product_cat-cacadores-2 product_cat-industryjackets product_cat-ignifug-antiestatic product_cat-industria product_cat-fire_retardant product_cat-pantalons product_cat-workwear has-post-thumbnail taxable shipping-taxable purchasable product-type-variable\">\n\t<a href=\"https:\/\/uniformelaboral.com\/index.php\/producto\/cruiser\/\" class=\"woocommerce-LoopProduct-link woocommerce-loop-product__link\"><img loading=\"lazy\" decoding=\"async\" width=\"324\" height=\"324\" src=\"https:\/\/uniformelaboral.com\/wp-content\/uploads\/2025\/02\/9403_55_1_1-324x324.jpg\" class=\"attachment-woocommerce_thumbnail size-woocommerce_thumbnail\" alt=\"\" srcset=\"https:\/\/uniformelaboral.com\/wp-content\/uploads\/2025\/02\/9403_55_1_1-324x324.jpg 324w, https:\/\/uniformelaboral.com\/wp-content\/uploads\/2025\/02\/9403_55_1_1-150x150.jpg 150w, https:\/\/uniformelaboral.com\/wp-content\/uploads\/2025\/02\/9403_55_1_1-100x100.jpg 100w\" sizes=\"auto, (max-width: 324px) 100vw, 324px\" \/><h2 class=\"woocommerce-loop-product__title\">CRUISER<\/h2>\n<\/a><a href=\"https:\/\/uniformelaboral.com\/index.php\/producto\/cruiser\/\" aria-describedby=\"woocommerce_loop_add_to_cart_link_describedby_31875\" data-quantity=\"1\" class=\"button product_type_variable add_to_cart_button\" data-product_id=\"31875\" data-product_sku=\"FR9403\" aria-label=\"Selecciona opcions per a &ldquo;CRUISER&rdquo;\" rel=\"nofollow\">COMPRAR<\/a>\t<span id=\"woocommerce_loop_add_to_cart_link_describedby_31875\" class=\"screen-reader-text\">\n\t\tAquest producte t\u00e9 diverses variants. Les opcions es poden triar a la p\u00e0gina del producte\t<\/span>\n<\/li>\n<li class=\"product type-product post-16324 status-publish instock product_cat-av-alta-visibilidad product_cat-cacadora-alta has-post-thumbnail taxable shipping-taxable purchasable product-type-simple\">\n\t<a href=\"https:\/\/uniformelaboral.com\/index.php\/producto\/armilla-xaleco-fluor-a-v-work-c3613\/\" class=\"woocommerce-LoopProduct-link woocommerce-loop-product__link\"><img loading=\"lazy\" decoding=\"async\" width=\"324\" height=\"324\" src=\"https:\/\/uniformelaboral.com\/wp-content\/uploads\/2020\/07\/C3613-AAV-0-1-324x324.jpg\" class=\"attachment-woocommerce_thumbnail size-woocommerce_thumbnail\" alt=\"\" srcset=\"https:\/\/uniformelaboral.com\/wp-content\/uploads\/2020\/07\/C3613-AAV-0-1-324x324.jpg 324w, https:\/\/uniformelaboral.com\/wp-content\/uploads\/2020\/07\/C3613-AAV-0-1-150x150.jpg 150w, https:\/\/uniformelaboral.com\/wp-content\/uploads\/2020\/07\/C3613-AAV-0-1-100x100.jpg 100w\" sizes=\"auto, (max-width: 324px) 100vw, 324px\" \/><h2 class=\"woocommerce-loop-product__title\">ARMILLA XALECO FLUOR A\/V WORK C3613 \/ 5.60\u20ac<\/h2>\n<\/a><a href=\"https:\/\/uniformelaboral.com\/index.php\/producto\/armilla-xaleco-fluor-a-v-work-c3613\/\" aria-describedby=\"woocommerce_loop_add_to_cart_link_describedby_16324\" data-quantity=\"1\" class=\"button product_type_simple add_to_cart_button ajax_add_to_cart\" data-product_id=\"16324\" data-product_sku=\"C3613\" aria-label=\"Afegeix a la cistella: &ldquo;ARMILLA XALECO FLUOR A\/V WORK C3613 \/ 5.60\u20ac&rdquo;\" rel=\"nofollow\" data-success_message=\"&ldquo;ARMILLA XALECO FLUOR A\/V WORK C3613 \/ 5.60\u20ac&rdquo; s&#039;ha afegit a la vostra cistella\">COMPRAR<\/a>\t<span id=\"woocommerce_loop_add_to_cart_link_describedby_16324\" class=\"screen-reader-text\">\n\t\t\t<\/span>\n<\/li>\n<li class=\"product type-product post-494 status-publish instock product_cat-av-alta-visibilidad product_cat-afelpat product_cat-maniga-llarga-2 product_cat-polos product_cat-reflectans-discontinus has-post-thumbnail taxable shipping-taxable purchasable product-type-simple\">\n\t<a href=\"https:\/\/uniformelaboral.com\/index.php\/producto\/polo-maniga-llarga-perxat-combinat-alta-visibilitat-cintes-reflectants-discontinues-c3891-2\/\" class=\"woocommerce-LoopProduct-link woocommerce-loop-product__link\"><img loading=\"lazy\" decoding=\"async\" width=\"324\" height=\"324\" src=\"https:\/\/uniformelaboral.com\/wp-content\/uploads\/2020\/02\/C3891-MR_AAV-0-2-324x324.jpg\" class=\"attachment-woocommerce_thumbnail size-woocommerce_thumbnail\" alt=\"\" srcset=\"https:\/\/uniformelaboral.com\/wp-content\/uploads\/2020\/02\/C3891-MR_AAV-0-2-324x324.jpg 324w, https:\/\/uniformelaboral.com\/wp-content\/uploads\/2020\/02\/C3891-MR_AAV-0-2-150x150.jpg 150w, https:\/\/uniformelaboral.com\/wp-content\/uploads\/2020\/02\/C3891-MR_AAV-0-2-100x100.jpg 100w\" sizes=\"auto, (max-width: 324px) 100vw, 324px\" \/><h2 class=\"woocommerce-loop-product__title\">POLO AFELPAT COMBINAT FLUOR C3891 REFLECTANS DISCONTINUS \/ 27.72\u20ac<\/h2>\n<\/a><a href=\"https:\/\/uniformelaboral.com\/index.php\/producto\/polo-maniga-llarga-perxat-combinat-alta-visibilitat-cintes-reflectants-discontinues-c3891-2\/\" aria-describedby=\"woocommerce_loop_add_to_cart_link_describedby_494\" data-quantity=\"1\" class=\"button product_type_simple add_to_cart_button ajax_add_to_cart\" data-product_id=\"494\" data-product_sku=\"C3891\" aria-label=\"Afegeix a la cistella: &ldquo;POLO AFELPAT COMBINAT FLUOR C3891 REFLECTANS DISCONTINUS \/ 27.72\u20ac&rdquo;\" rel=\"nofollow\" data-success_message=\"&ldquo;POLO AFELPAT COMBINAT FLUOR C3891 REFLECTANS DISCONTINUS \/ 27.72\u20ac&rdquo; s&#039;ha afegit a la vostra cistella\">COMPRAR<\/a>\t<span id=\"woocommerce_loop_add_to_cart_link_describedby_494\" class=\"screen-reader-text\">\n\t\t\t<\/span>\n<\/li>\n<li class=\"product type-product post-33163 status-publish last instock product_cat-av-alta-visibilidad product_cat-highviz product_cat-maniga-llarga-2 product_cat-polos product_cat-highvispolo product_cat-reflectans-discontinus product_cat-workwear has-post-thumbnail taxable shipping-taxable purchasable product-type-variable\">\n\t<a href=\"https:\/\/uniformelaboral.com\/index.php\/producto\/atrio-ls\/\" class=\"woocommerce-LoopProduct-link woocommerce-loop-product__link\"><img loading=\"lazy\" decoding=\"async\" width=\"324\" height=\"324\" src=\"https:\/\/uniformelaboral.com\/wp-content\/uploads\/2025\/02\/9319_55221_1_1-324x324.jpg\" class=\"attachment-woocommerce_thumbnail size-woocommerce_thumbnail\" alt=\"\" srcset=\"https:\/\/uniformelaboral.com\/wp-content\/uploads\/2025\/02\/9319_55221_1_1-324x324.jpg 324w, https:\/\/uniformelaboral.com\/wp-content\/uploads\/2025\/02\/9319_55221_1_1-150x150.jpg 150w, https:\/\/uniformelaboral.com\/wp-content\/uploads\/2025\/02\/9319_55221_1_1-100x100.jpg 100w\" sizes=\"auto, (max-width: 324px) 100vw, 324px\" \/><h2 class=\"woocommerce-loop-product__title\">ATRIO LS<\/h2>\n<\/a><a href=\"https:\/\/uniformelaboral.com\/index.php\/producto\/atrio-ls\/\" aria-describedby=\"woocommerce_loop_add_to_cart_link_describedby_33163\" data-quantity=\"1\" class=\"button product_type_variable add_to_cart_button\" data-product_id=\"33163\" data-product_sku=\"HV9319\" aria-label=\"Selecciona opcions per a &ldquo;ATRIO LS&rdquo;\" rel=\"nofollow\">COMPRAR<\/a>\t<span id=\"woocommerce_loop_add_to_cart_link_describedby_33163\" class=\"screen-reader-text\">\n\t\tAquest producte t\u00e9 diverses variants. Les opcions es poden triar a la p\u00e0gina del producte\t<\/span>\n<\/li>\n<li class=\"product type-product post-368 status-publish first instock product_cat-av-alta-visibilidad product_cat-multibutxaques product_cat-pantalons product_cat-reforcats has-post-thumbnail taxable shipping-taxable purchasable product-type-simple\">\n\t<a href=\"https:\/\/uniformelaboral.com\/index.php\/producto\/pantalons-combi-alta-visibilitat-c4014\/\" class=\"woocommerce-LoopProduct-link woocommerce-loop-product__link\"><img loading=\"lazy\" decoding=\"async\" width=\"324\" height=\"324\" src=\"https:\/\/uniformelaboral.com\/wp-content\/uploads\/2020\/02\/C4014-MR_AAV-0-3-324x324.jpg\" class=\"attachment-woocommerce_thumbnail size-woocommerce_thumbnail\" alt=\"\" srcset=\"https:\/\/uniformelaboral.com\/wp-content\/uploads\/2020\/02\/C4014-MR_AAV-0-3-324x324.jpg 324w, https:\/\/uniformelaboral.com\/wp-content\/uploads\/2020\/02\/C4014-MR_AAV-0-3-150x150.jpg 150w, https:\/\/uniformelaboral.com\/wp-content\/uploads\/2020\/02\/C4014-MR_AAV-0-3-100x100.jpg 100w\" sizes=\"auto, (max-width: 324px) 100vw, 324px\" \/><h2 class=\"woocommerce-loop-product__title\">PANTALONS COMBI FLUOR A\/V WORK C4014 \/ 17.50\u20ac<\/h2>\n<\/a><a href=\"https:\/\/uniformelaboral.com\/index.php\/producto\/pantalons-combi-alta-visibilitat-c4014\/\" aria-describedby=\"woocommerce_loop_add_to_cart_link_describedby_368\" data-quantity=\"1\" class=\"button product_type_simple add_to_cart_button ajax_add_to_cart\" data-product_id=\"368\" data-product_sku=\"C4014\" aria-label=\"Afegeix a la cistella: &ldquo;PANTALONS COMBI FLUOR A\/V WORK C4014 \/ 17.50\u20ac&rdquo;\" rel=\"nofollow\" data-success_message=\"&ldquo;PANTALONS COMBI FLUOR A\/V WORK C4014 \/ 17.50\u20ac&rdquo; s&#039;ha afegit a la vostra cistella\">COMPRAR<\/a>\t<span id=\"woocommerce_loop_add_to_cart_link_describedby_368\" class=\"screen-reader-text\">\n\t\t\t<\/span>\n<\/li>\n<li class=\"product type-product post-33362 status-publish instock product_cat-av-alta-visibilidad product_cat-highviz product_cat-cacadora-alta product_cat-highvischalecos product_cat-novelty_roly product_cat-workwear has-post-thumbnail taxable shipping-taxable purchasable product-type-variable\">\n\t<a href=\"https:\/\/uniformelaboral.com\/index.php\/producto\/beta\/\" class=\"woocommerce-LoopProduct-link woocommerce-loop-product__link\"><img loading=\"lazy\" decoding=\"async\" width=\"324\" height=\"324\" src=\"https:\/\/uniformelaboral.com\/wp-content\/uploads\/2025\/02\/9323_55223_1_1-324x324.jpg\" class=\"attachment-woocommerce_thumbnail size-woocommerce_thumbnail\" alt=\"\" srcset=\"https:\/\/uniformelaboral.com\/wp-content\/uploads\/2025\/02\/9323_55223_1_1-324x324.jpg 324w, https:\/\/uniformelaboral.com\/wp-content\/uploads\/2025\/02\/9323_55223_1_1-150x150.jpg 150w, https:\/\/uniformelaboral.com\/wp-content\/uploads\/2025\/02\/9323_55223_1_1-100x100.jpg 100w\" sizes=\"auto, (max-width: 324px) 100vw, 324px\" \/><h2 class=\"woocommerce-loop-product__title\">BETA<\/h2>\n<\/a><a href=\"https:\/\/uniformelaboral.com\/index.php\/producto\/beta\/\" aria-describedby=\"woocommerce_loop_add_to_cart_link_describedby_33362\" data-quantity=\"1\" class=\"button product_type_variable add_to_cart_button\" data-product_id=\"33362\" data-product_sku=\"HV9323\" aria-label=\"Selecciona opcions per a &ldquo;BETA&rdquo;\" rel=\"nofollow\">COMPRAR<\/a>\t<span id=\"woocommerce_loop_add_to_cart_link_describedby_33362\" class=\"screen-reader-text\">\n\t\tAquest producte t\u00e9 diverses variants. Les opcions es poden triar a la p\u00e0gina del producte\t<\/span>\n<\/li>\n<li class=\"product type-product post-16247 status-publish instock product_cat-av-alta-visibilidad product_cat-polars has-post-thumbnail taxable shipping-taxable purchasable product-type-simple\">\n\t<a href=\"https:\/\/uniformelaboral.com\/index.php\/producto\/polar-fluor-a-v-work-c4025\/\" class=\"woocommerce-LoopProduct-link woocommerce-loop-product__link\"><img loading=\"lazy\" decoding=\"async\" width=\"324\" height=\"324\" src=\"https:\/\/uniformelaboral.com\/wp-content\/uploads\/2020\/07\/C4025-MR_NAV-0-1-324x324.jpg\" class=\"attachment-woocommerce_thumbnail size-woocommerce_thumbnail\" alt=\"\" srcset=\"https:\/\/uniformelaboral.com\/wp-content\/uploads\/2020\/07\/C4025-MR_NAV-0-1-324x324.jpg 324w, https:\/\/uniformelaboral.com\/wp-content\/uploads\/2020\/07\/C4025-MR_NAV-0-1-150x150.jpg 150w, https:\/\/uniformelaboral.com\/wp-content\/uploads\/2020\/07\/C4025-MR_NAV-0-1-100x100.jpg 100w\" sizes=\"auto, (max-width: 324px) 100vw, 324px\" \/><h2 class=\"woocommerce-loop-product__title\">JAQUETA POLAR FLUOR A\/V WORK C4025 \/ 25.48\u20ac<\/h2>\n<\/a><a href=\"https:\/\/uniformelaboral.com\/index.php\/producto\/polar-fluor-a-v-work-c4025\/\" aria-describedby=\"woocommerce_loop_add_to_cart_link_describedby_16247\" data-quantity=\"1\" class=\"button product_type_simple add_to_cart_button ajax_add_to_cart\" data-product_id=\"16247\" data-product_sku=\"C4025\" aria-label=\"Afegeix a la cistella: &ldquo;JAQUETA POLAR FLUOR A\/V WORK C4025 \/ 25.48\u20ac&rdquo;\" rel=\"nofollow\" data-success_message=\"&ldquo;JAQUETA POLAR FLUOR A\/V WORK C4025 \/ 25.48\u20ac&rdquo; s&#039;ha afegit a la vostra cistella\">COMPRAR<\/a>\t<span id=\"woocommerce_loop_add_to_cart_link_describedby_16247\" class=\"screen-reader-text\">\n\t\t\t<\/span>\n<\/li>\n<li class=\"product type-product post-32358 status-publish last instock product_cat-av-alta-visibilidad product_cat-highviz product_cat-multibutxaques product_cat-highvispantalones product_cat-pantalons product_cat-termics product_cat-workwear has-post-thumbnail taxable shipping-taxable purchasable product-type-variable\">\n\t<a href=\"https:\/\/uniformelaboral.com\/index.php\/producto\/soan\/\" class=\"woocommerce-LoopProduct-link woocommerce-loop-product__link\"><img loading=\"lazy\" decoding=\"async\" width=\"324\" height=\"324\" src=\"https:\/\/uniformelaboral.com\/wp-content\/uploads\/2025\/02\/9301_23221_1_1-324x324.jpg\" class=\"attachment-woocommerce_thumbnail size-woocommerce_thumbnail\" alt=\"\" srcset=\"https:\/\/uniformelaboral.com\/wp-content\/uploads\/2025\/02\/9301_23221_1_1-324x324.jpg 324w, https:\/\/uniformelaboral.com\/wp-content\/uploads\/2025\/02\/9301_23221_1_1-150x150.jpg 150w, https:\/\/uniformelaboral.com\/wp-content\/uploads\/2025\/02\/9301_23221_1_1-100x100.jpg 100w\" sizes=\"auto, (max-width: 324px) 100vw, 324px\" \/><h2 class=\"woocommerce-loop-product__title\">SOAN<\/h2>\n<\/a><a href=\"https:\/\/uniformelaboral.com\/index.php\/producto\/soan\/\" aria-describedby=\"woocommerce_loop_add_to_cart_link_describedby_32358\" data-quantity=\"1\" class=\"button product_type_variable add_to_cart_button\" data-product_id=\"32358\" data-product_sku=\"HV9301\" aria-label=\"Selecciona opcions per a &ldquo;SOAN&rdquo;\" rel=\"nofollow\">COMPRAR<\/a>\t<span id=\"woocommerce_loop_add_to_cart_link_describedby_32358\" class=\"screen-reader-text\">\n\t\tAquest producte t\u00e9 diverses variants. Les opcions es poden triar a la p\u00e0gina del producte\t<\/span>\n<\/li>\n<li class=\"product type-product post-485 status-publish first instock product_cat-av-alta-visibilidad product_cat-polars has-post-thumbnail taxable shipping-taxable purchasable product-type-simple\">\n\t<a href=\"https:\/\/uniformelaboral.com\/index.php\/producto\/polar-combi-alta-visibilidad-c4020\/\" class=\"woocommerce-LoopProduct-link woocommerce-loop-product__link\"><img loading=\"lazy\" decoding=\"async\" width=\"324\" height=\"324\" src=\"https:\/\/uniformelaboral.com\/wp-content\/uploads\/2020\/02\/C4020-MR_AAV-0-3-324x324.jpg\" class=\"attachment-woocommerce_thumbnail size-woocommerce_thumbnail\" alt=\"\" srcset=\"https:\/\/uniformelaboral.com\/wp-content\/uploads\/2020\/02\/C4020-MR_AAV-0-3-324x324.jpg 324w, https:\/\/uniformelaboral.com\/wp-content\/uploads\/2020\/02\/C4020-MR_AAV-0-3-150x150.jpg 150w, https:\/\/uniformelaboral.com\/wp-content\/uploads\/2020\/02\/C4020-MR_AAV-0-3-100x100.jpg 100w\" sizes=\"auto, (max-width: 324px) 100vw, 324px\" \/><h2 class=\"woocommerce-loop-product__title\">JAQUETA POLAR COMBI A\/V WORK C4020 \/ 21.84\u20ac<\/h2>\n<\/a><a href=\"https:\/\/uniformelaboral.com\/index.php\/producto\/polar-combi-alta-visibilidad-c4020\/\" aria-describedby=\"woocommerce_loop_add_to_cart_link_describedby_485\" data-quantity=\"1\" class=\"button product_type_simple add_to_cart_button ajax_add_to_cart\" data-product_id=\"485\" data-product_sku=\"C4020\" aria-label=\"Afegeix a la cistella: &ldquo;JAQUETA POLAR COMBI A\/V WORK C4020 \/ 21.84\u20ac&rdquo;\" rel=\"nofollow\" data-success_message=\"&ldquo;JAQUETA POLAR COMBI A\/V WORK C4020 \/ 21.84\u20ac&rdquo; s&#039;ha afegit a la vostra cistella\">COMPRAR<\/a>\t<span id=\"woocommerce_loop_add_to_cart_link_describedby_485\" class=\"screen-reader-text\">\n\t\t\t<\/span>\n<\/li>\n<li class=\"product type-product post-507 status-publish instock product_cat-av-alta-visibilidad product_cat-maniga-curta-3 product_cat-samarreta-alta has-post-thumbnail taxable shipping-taxable purchasable product-type-simple\">\n\t<a href=\"https:\/\/uniformelaboral.com\/index.php\/producto\/samarreta-alta-visibilitat-5493c\/\" class=\"woocommerce-LoopProduct-link woocommerce-loop-product__link\"><img loading=\"lazy\" decoding=\"async\" width=\"324\" height=\"324\" src=\"https:\/\/uniformelaboral.com\/wp-content\/uploads\/2020\/02\/C3945-AAV-0-1-324x324.jpg\" class=\"attachment-woocommerce_thumbnail size-woocommerce_thumbnail\" alt=\"\" srcset=\"https:\/\/uniformelaboral.com\/wp-content\/uploads\/2020\/02\/C3945-AAV-0-1-324x324.jpg 324w, https:\/\/uniformelaboral.com\/wp-content\/uploads\/2020\/02\/C3945-AAV-0-1-150x150.jpg 150w, https:\/\/uniformelaboral.com\/wp-content\/uploads\/2020\/02\/C3945-AAV-0-1-100x100.jpg 100w\" sizes=\"auto, (max-width: 324px) 100vw, 324px\" \/><h2 class=\"woocommerce-loop-product__title\">SAMARRETA FLUOR A\/V WORK C3945 \/ 8.82\u20ac<\/h2>\n<\/a><a href=\"https:\/\/uniformelaboral.com\/index.php\/producto\/samarreta-alta-visibilitat-5493c\/\" aria-describedby=\"woocommerce_loop_add_to_cart_link_describedby_507\" data-quantity=\"1\" class=\"button product_type_simple add_to_cart_button ajax_add_to_cart\" data-product_id=\"507\" data-product_sku=\"C3945\" aria-label=\"Afegeix a la cistella: &ldquo;SAMARRETA FLUOR A\/V WORK C3945 \/ 8.82\u20ac&rdquo;\" rel=\"nofollow\" data-success_message=\"&ldquo;SAMARRETA FLUOR A\/V WORK C3945 \/ 8.82\u20ac&rdquo; s&#039;ha afegit a la vostra cistella\">COMPRAR<\/a>\t<span id=\"woocommerce_loop_add_to_cart_link_describedby_507\" class=\"screen-reader-text\">\n\t\t\t<\/span>\n<\/li>\n<li class=\"product type-product post-32755 status-publish instock product_cat-av-alta-visibilidad product_cat-highviz product_cat-multibutxaques product_cat-highvispantalones product_cat-pantalons product_cat-workwear has-post-thumbnail taxable shipping-taxable purchasable product-type-variable\">\n\t<a href=\"https:\/\/uniformelaboral.com\/index.php\/producto\/alfa\/\" class=\"woocommerce-LoopProduct-link woocommerce-loop-product__link\"><img loading=\"lazy\" decoding=\"async\" width=\"324\" height=\"324\" src=\"https:\/\/uniformelaboral.com\/wp-content\/uploads\/2025\/02\/9309_221_1_1-324x324.jpg\" class=\"attachment-woocommerce_thumbnail size-woocommerce_thumbnail\" alt=\"\" srcset=\"https:\/\/uniformelaboral.com\/wp-content\/uploads\/2025\/02\/9309_221_1_1-324x324.jpg 324w, https:\/\/uniformelaboral.com\/wp-content\/uploads\/2025\/02\/9309_221_1_1-150x150.jpg 150w, https:\/\/uniformelaboral.com\/wp-content\/uploads\/2025\/02\/9309_221_1_1-100x100.jpg 100w\" sizes=\"auto, (max-width: 324px) 100vw, 324px\" \/><h2 class=\"woocommerce-loop-product__title\">ALFA<\/h2>\n<\/a><a href=\"https:\/\/uniformelaboral.com\/index.php\/producto\/alfa\/\" aria-describedby=\"woocommerce_loop_add_to_cart_link_describedby_32755\" data-quantity=\"1\" class=\"button product_type_variable add_to_cart_button\" data-product_id=\"32755\" data-product_sku=\"HV9309\" aria-label=\"Selecciona opcions per a &ldquo;ALFA&rdquo;\" rel=\"nofollow\">COMPRAR<\/a>\t<span id=\"woocommerce_loop_add_to_cart_link_describedby_32755\" class=\"screen-reader-text\">\n\t\tAquest producte t\u00e9 diverses variants. Les opcions es poden triar a la p\u00e0gina del producte\t<\/span>\n<\/li>\n<li class=\"product type-product post-32648 status-publish last instock product_cat-av-alta-visibilidad product_cat-highviz product_cat-maniga-curta-2 product_cat-polos product_cat-highvispolo product_cat-workwear has-post-thumbnail taxable shipping-taxable purchasable product-type-variable\">\n\t<a href=\"https:\/\/uniformelaboral.com\/index.php\/producto\/polaris-l-s\/\" class=\"woocommerce-LoopProduct-link woocommerce-loop-product__link\"><img loading=\"lazy\" decoding=\"async\" width=\"324\" height=\"324\" src=\"https:\/\/uniformelaboral.com\/wp-content\/uploads\/2025\/02\/9306_221_1_1-324x324.jpg\" class=\"attachment-woocommerce_thumbnail size-woocommerce_thumbnail\" alt=\"\" srcset=\"https:\/\/uniformelaboral.com\/wp-content\/uploads\/2025\/02\/9306_221_1_1-324x324.jpg 324w, https:\/\/uniformelaboral.com\/wp-content\/uploads\/2025\/02\/9306_221_1_1-150x150.jpg 150w, https:\/\/uniformelaboral.com\/wp-content\/uploads\/2025\/02\/9306_221_1_1-100x100.jpg 100w\" sizes=\"auto, (max-width: 324px) 100vw, 324px\" \/><h2 class=\"woocommerce-loop-product__title\">POLARIS L\/S<\/h2>\n<\/a><a href=\"https:\/\/uniformelaboral.com\/index.php\/producto\/polaris-l-s\/\" aria-describedby=\"woocommerce_loop_add_to_cart_link_describedby_32648\" data-quantity=\"1\" class=\"button product_type_variable add_to_cart_button\" data-product_id=\"32648\" data-product_sku=\"HV9306\" aria-label=\"Selecciona opcions per a &ldquo;POLARIS L\/S&rdquo;\" rel=\"nofollow\">COMPRAR<\/a>\t<span id=\"woocommerce_loop_add_to_cart_link_describedby_32648\" class=\"screen-reader-text\">\n\t\tAquest producte t\u00e9 diverses variants. Les opcions es poden triar a la p\u00e0gina del producte\t<\/span>\n<\/li>\n<li class=\"product type-product post-33033 status-publish first instock product_cat-av-alta-visibilidad product_cat-highviz product_cat-highvistshirts product_cat-maniga-curta-3 product_cat-samarreta-alta product_cat-workwear has-post-thumbnail taxable shipping-taxable purchasable product-type-variable\">\n\t<a href=\"https:\/\/uniformelaboral.com\/index.php\/producto\/tauri\/\" class=\"woocommerce-LoopProduct-link woocommerce-loop-product__link\"><img loading=\"lazy\" decoding=\"async\" width=\"324\" height=\"324\" src=\"https:\/\/uniformelaboral.com\/wp-content\/uploads\/2025\/02\/9317_55221_1_1-324x324.jpg\" class=\"attachment-woocommerce_thumbnail size-woocommerce_thumbnail\" alt=\"\" srcset=\"https:\/\/uniformelaboral.com\/wp-content\/uploads\/2025\/02\/9317_55221_1_1-324x324.jpg 324w, https:\/\/uniformelaboral.com\/wp-content\/uploads\/2025\/02\/9317_55221_1_1-150x150.jpg 150w, https:\/\/uniformelaboral.com\/wp-content\/uploads\/2025\/02\/9317_55221_1_1-100x100.jpg 100w\" sizes=\"auto, (max-width: 324px) 100vw, 324px\" \/><h2 class=\"woocommerce-loop-product__title\">TAURI<\/h2>\n<\/a><a href=\"https:\/\/uniformelaboral.com\/index.php\/producto\/tauri\/\" aria-describedby=\"woocommerce_loop_add_to_cart_link_describedby_33033\" data-quantity=\"1\" class=\"button product_type_variable add_to_cart_button\" data-product_id=\"33033\" data-product_sku=\"HV9317\" aria-label=\"Selecciona opcions per a &ldquo;TAURI&rdquo;\" rel=\"nofollow\">COMPRAR<\/a>\t<span id=\"woocommerce_loop_add_to_cart_link_describedby_33033\" class=\"screen-reader-text\">\n\t\tAquest producte t\u00e9 diverses variants. Les opcions es poden triar a la p\u00e0gina del producte\t<\/span>\n<\/li>\n<li class=\"product type-product post-32705 status-publish instock product_cat-av-alta-visibilidad product_cat-highviz product_cat-multibutxaques product_cat-highvispantalones product_cat-pantalons product_cat-reforcats product_cat-workwear has-post-thumbnail taxable shipping-taxable purchasable product-type-variable\">\n\t<a href=\"https:\/\/uniformelaboral.com\/index.php\/producto\/daily-hv\/\" class=\"woocommerce-LoopProduct-link woocommerce-loop-product__link\"><img loading=\"lazy\" decoding=\"async\" width=\"324\" height=\"324\" src=\"https:\/\/uniformelaboral.com\/wp-content\/uploads\/2025\/02\/9307_23_1_1-324x324.jpg\" class=\"attachment-woocommerce_thumbnail size-woocommerce_thumbnail\" alt=\"\" srcset=\"https:\/\/uniformelaboral.com\/wp-content\/uploads\/2025\/02\/9307_23_1_1-324x324.jpg 324w, https:\/\/uniformelaboral.com\/wp-content\/uploads\/2025\/02\/9307_23_1_1-150x150.jpg 150w, https:\/\/uniformelaboral.com\/wp-content\/uploads\/2025\/02\/9307_23_1_1-100x100.jpg 100w\" sizes=\"auto, (max-width: 324px) 100vw, 324px\" \/><h2 class=\"woocommerce-loop-product__title\">DAILY HV<\/h2>\n<\/a><a href=\"https:\/\/uniformelaboral.com\/index.php\/producto\/daily-hv\/\" aria-describedby=\"woocommerce_loop_add_to_cart_link_describedby_32705\" data-quantity=\"1\" class=\"button product_type_variable add_to_cart_button\" data-product_id=\"32705\" data-product_sku=\"HV9307\" aria-label=\"Selecciona opcions per a &ldquo;DAILY HV&rdquo;\" rel=\"nofollow\">COMPRAR<\/a>\t<span id=\"woocommerce_loop_add_to_cart_link_describedby_32705\" class=\"screen-reader-text\">\n\t\tAquest producte t\u00e9 diverses variants. Les opcions es poden triar a la p\u00e0gina del producte\t<\/span>\n<\/li>\n<li class=\"product type-product post-2124 status-publish instock product_cat-av-alta-visibilidad product_cat-cacadores-2 has-post-thumbnail taxable shipping-taxable purchasable product-type-simple\">\n\t<a href=\"https:\/\/uniformelaboral.com\/index.php\/producto\/casadora-fluor-a-v-work-c4110\/\" class=\"woocommerce-LoopProduct-link woocommerce-loop-product__link\"><img loading=\"lazy\" decoding=\"async\" width=\"324\" height=\"324\" src=\"https:\/\/uniformelaboral.com\/wp-content\/uploads\/2020\/05\/C4110-MR_AAV-0-324x324.jpg\" class=\"attachment-woocommerce_thumbnail size-woocommerce_thumbnail\" alt=\"\" srcset=\"https:\/\/uniformelaboral.com\/wp-content\/uploads\/2020\/05\/C4110-MR_AAV-0-324x324.jpg 324w, https:\/\/uniformelaboral.com\/wp-content\/uploads\/2020\/05\/C4110-MR_AAV-0-150x150.jpg 150w, https:\/\/uniformelaboral.com\/wp-content\/uploads\/2020\/05\/C4110-MR_AAV-0-100x100.jpg 100w\" sizes=\"auto, (max-width: 324px) 100vw, 324px\" \/><h2 class=\"woocommerce-loop-product__title\">CA\u00c7ADORA FLUOR A\/V WORK C4110 \/ 21.63\u20ac<\/h2>\n<\/a><a href=\"https:\/\/uniformelaboral.com\/index.php\/producto\/casadora-fluor-a-v-work-c4110\/\" aria-describedby=\"woocommerce_loop_add_to_cart_link_describedby_2124\" data-quantity=\"1\" class=\"button product_type_simple add_to_cart_button ajax_add_to_cart\" data-product_id=\"2124\" data-product_sku=\"C4110\" aria-label=\"Afegeix a la cistella: &ldquo;CA\u00c7ADORA FLUOR A\/V WORK C4110 \/ 21.63\u20ac&rdquo;\" rel=\"nofollow\" data-success_message=\"&ldquo;CA\u00c7ADORA FLUOR A\/V WORK C4110 \/ 21.63\u20ac&rdquo; s&#039;ha afegit a la vostra cistella\">COMPRAR<\/a>\t<span id=\"woocommerce_loop_add_to_cart_link_describedby_2124\" class=\"screen-reader-text\">\n\t\t\t<\/span>\n<\/li>\n<li class=\"product type-product post-32434 status-publish last instock product_cat-av-alta-visibilidad product_cat-highviz product_cat-maniga-curta-2 product_cat-polos product_cat-highvispolo product_cat-workwear has-post-thumbnail taxable shipping-taxable purchasable product-type-variable\">\n\t<a href=\"https:\/\/uniformelaboral.com\/index.php\/producto\/polaris\/\" class=\"woocommerce-LoopProduct-link woocommerce-loop-product__link\"><img loading=\"lazy\" decoding=\"async\" width=\"324\" height=\"324\" src=\"https:\/\/uniformelaboral.com\/wp-content\/uploads\/2025\/02\/9302_55223_1_1-324x324.jpg\" class=\"attachment-woocommerce_thumbnail size-woocommerce_thumbnail\" alt=\"\" srcset=\"https:\/\/uniformelaboral.com\/wp-content\/uploads\/2025\/02\/9302_55223_1_1-324x324.jpg 324w, https:\/\/uniformelaboral.com\/wp-content\/uploads\/2025\/02\/9302_55223_1_1-150x150.jpg 150w, https:\/\/uniformelaboral.com\/wp-content\/uploads\/2025\/02\/9302_55223_1_1-100x100.jpg 100w\" sizes=\"auto, (max-width: 324px) 100vw, 324px\" \/><h2 class=\"woocommerce-loop-product__title\">POLARIS<\/h2>\n<\/a><a href=\"https:\/\/uniformelaboral.com\/index.php\/producto\/polaris\/\" aria-describedby=\"woocommerce_loop_add_to_cart_link_describedby_32434\" data-quantity=\"1\" class=\"button product_type_variable add_to_cart_button\" data-product_id=\"32434\" data-product_sku=\"HV9302\" aria-label=\"Selecciona opcions per a &ldquo;POLARIS&rdquo;\" rel=\"nofollow\">COMPRAR<\/a>\t<span id=\"woocommerce_loop_add_to_cart_link_describedby_32434\" class=\"screen-reader-text\">\n\t\tAquest producte t\u00e9 diverses variants. Les opcions es poden triar a la p\u00e0gina del producte\t<\/span>\n<\/li>\n<li class=\"product type-product post-492 status-publish first instock product_cat-av-alta-visibilidad product_cat-multibutxaques product_cat-pantalons has-post-thumbnail taxable shipping-taxable purchasable product-type-simple\">\n\t<a href=\"https:\/\/uniformelaboral.com\/index.php\/producto\/armilla-alta-visibilitat-0263c\/\" class=\"woocommerce-LoopProduct-link woocommerce-loop-product__link\"><img loading=\"lazy\" decoding=\"async\" width=\"324\" height=\"324\" src=\"https:\/\/uniformelaboral.com\/wp-content\/uploads\/2020\/02\/C4005-MR_AAV-0-324x324.jpg\" class=\"attachment-woocommerce_thumbnail size-woocommerce_thumbnail\" alt=\"\" srcset=\"https:\/\/uniformelaboral.com\/wp-content\/uploads\/2020\/02\/C4005-MR_AAV-0-324x324.jpg 324w, https:\/\/uniformelaboral.com\/wp-content\/uploads\/2020\/02\/C4005-MR_AAV-0-150x150.jpg 150w, https:\/\/uniformelaboral.com\/wp-content\/uploads\/2020\/02\/C4005-MR_AAV-0-100x100.jpg 100w\" sizes=\"auto, (max-width: 324px) 100vw, 324px\" \/><h2 class=\"woocommerce-loop-product__title\">BERMUDA COMBINAT FLUOR A\/V WORK C4005 \/ 16.59\u20ac<\/h2>\n<\/a><a href=\"https:\/\/uniformelaboral.com\/index.php\/producto\/armilla-alta-visibilitat-0263c\/\" aria-describedby=\"woocommerce_loop_add_to_cart_link_describedby_492\" data-quantity=\"1\" class=\"button product_type_simple add_to_cart_button ajax_add_to_cart\" data-product_id=\"492\" data-product_sku=\"C4005\" aria-label=\"Afegeix a la cistella: &ldquo;BERMUDA COMBINAT FLUOR A\/V WORK C4005 \/ 16.59\u20ac&rdquo;\" rel=\"nofollow\" data-success_message=\"&ldquo;BERMUDA COMBINAT FLUOR A\/V WORK C4005 \/ 16.59\u20ac&rdquo; s&#039;ha afegit a la vostra cistella\">COMPRAR<\/a>\t<span id=\"woocommerce_loop_add_to_cart_link_describedby_492\" class=\"screen-reader-text\">\n\t\t\t<\/span>\n<\/li>\n<li class=\"product type-product post-496 status-publish instock product_cat-av-alta-visibilidad product_cat-maniga-curta-2 has-post-thumbnail taxable shipping-taxable purchasable product-type-simple\">\n\t<a href=\"https:\/\/uniformelaboral.com\/index.php\/producto\/pol-combinat-alta-visibilitat-maniga-curta-cintes-reflectants-tors-i-manigues-c3860\/\" class=\"woocommerce-LoopProduct-link woocommerce-loop-product__link\"><img loading=\"lazy\" decoding=\"async\" width=\"324\" height=\"324\" src=\"https:\/\/uniformelaboral.com\/wp-content\/uploads\/2020\/02\/C3860-AAV_RJ-0-324x324.jpg\" class=\"attachment-woocommerce_thumbnail size-woocommerce_thumbnail\" alt=\"\" srcset=\"https:\/\/uniformelaboral.com\/wp-content\/uploads\/2020\/02\/C3860-AAV_RJ-0-324x324.jpg 324w, https:\/\/uniformelaboral.com\/wp-content\/uploads\/2020\/02\/C3860-AAV_RJ-0-150x150.jpg 150w, https:\/\/uniformelaboral.com\/wp-content\/uploads\/2020\/02\/C3860-AAV_RJ-0-100x100.jpg 100w\" sizes=\"auto, (max-width: 324px) 100vw, 324px\" \/><h2 class=\"woocommerce-loop-product__title\">POLO COMBINAT FLUOR AV WORK C3860 \/ 10.92\u20ac<\/h2>\n<\/a><a href=\"https:\/\/uniformelaboral.com\/index.php\/producto\/pol-combinat-alta-visibilitat-maniga-curta-cintes-reflectants-tors-i-manigues-c3860\/\" aria-describedby=\"woocommerce_loop_add_to_cart_link_describedby_496\" data-quantity=\"1\" class=\"button product_type_simple add_to_cart_button ajax_add_to_cart\" data-product_id=\"496\" data-product_sku=\"C3860\" aria-label=\"Afegeix a la cistella: &ldquo;POLO COMBINAT FLUOR AV WORK C3860 \/ 10.92\u20ac&rdquo;\" rel=\"nofollow\" data-success_message=\"&ldquo;POLO COMBINAT FLUOR AV WORK C3860 \/ 10.92\u20ac&rdquo; s&#039;ha afegit a la vostra cistella\">COMPRAR<\/a>\t<span id=\"woocommerce_loop_add_to_cart_link_describedby_496\" class=\"screen-reader-text\">\n\t\t\t<\/span>\n<\/li>\n<li class=\"product type-product post-32844 status-publish instock product_cat-av-alta-visibilidad product_cat-highviz product_cat-multibutxaques product_cat-highvispantalones product_cat-pantalons product_cat-strech product_cat-workwear has-post-thumbnail taxable shipping-taxable purchasable product-type-variable\">\n\t<a href=\"https:\/\/uniformelaboral.com\/index.php\/producto\/daily-stretch-hv\/\" class=\"woocommerce-LoopProduct-link woocommerce-loop-product__link\"><img loading=\"lazy\" decoding=\"async\" width=\"324\" height=\"324\" src=\"https:\/\/uniformelaboral.com\/wp-content\/uploads\/2025\/02\/9312_55221_1_1-324x324.jpg\" class=\"attachment-woocommerce_thumbnail size-woocommerce_thumbnail\" alt=\"\" srcset=\"https:\/\/uniformelaboral.com\/wp-content\/uploads\/2025\/02\/9312_55221_1_1-324x324.jpg 324w, https:\/\/uniformelaboral.com\/wp-content\/uploads\/2025\/02\/9312_55221_1_1-150x150.jpg 150w, https:\/\/uniformelaboral.com\/wp-content\/uploads\/2025\/02\/9312_55221_1_1-100x100.jpg 100w\" sizes=\"auto, (max-width: 324px) 100vw, 324px\" \/><h2 class=\"woocommerce-loop-product__title\">DAILY STRETCH HV<\/h2>\n<\/a><a href=\"https:\/\/uniformelaboral.com\/index.php\/producto\/daily-stretch-hv\/\" aria-describedby=\"woocommerce_loop_add_to_cart_link_describedby_32844\" data-quantity=\"1\" class=\"button product_type_variable add_to_cart_button\" data-product_id=\"32844\" data-product_sku=\"HV9312\" aria-label=\"Selecciona opcions per a &ldquo;DAILY STRETCH HV&rdquo;\" rel=\"nofollow\">COMPRAR<\/a>\t<span id=\"woocommerce_loop_add_to_cart_link_describedby_32844\" class=\"screen-reader-text\">\n\t\tAquest producte t\u00e9 diverses variants. Les opcions es poden triar a la p\u00e0gina del producte\t<\/span>\n<\/li>\n<li class=\"product type-product post-31841 status-publish last instock product_cat-av-alta-visibilidad product_cat-industrytshirts product_cat-ignifug-antiestatic product_cat-industria product_cat-fire_retardant product_cat-maniga-llarga-6 product_cat-pantalons product_cat-samarretes-industria product_cat-workwear has-post-thumbnail taxable shipping-taxable purchasable product-type-variable\">\n\t<a href=\"https:\/\/uniformelaboral.com\/index.php\/producto\/defender\/\" class=\"woocommerce-LoopProduct-link woocommerce-loop-product__link\"><img loading=\"lazy\" decoding=\"async\" width=\"324\" height=\"324\" src=\"https:\/\/uniformelaboral.com\/wp-content\/uploads\/2025\/02\/9401_55_1_1-324x324.jpg\" class=\"attachment-woocommerce_thumbnail size-woocommerce_thumbnail\" alt=\"\" srcset=\"https:\/\/uniformelaboral.com\/wp-content\/uploads\/2025\/02\/9401_55_1_1-324x324.jpg 324w, https:\/\/uniformelaboral.com\/wp-content\/uploads\/2025\/02\/9401_55_1_1-150x150.jpg 150w, https:\/\/uniformelaboral.com\/wp-content\/uploads\/2025\/02\/9401_55_1_1-100x100.jpg 100w\" sizes=\"auto, (max-width: 324px) 100vw, 324px\" \/><h2 class=\"woocommerce-loop-product__title\">DEFENDER<\/h2>\n<\/a><a href=\"https:\/\/uniformelaboral.com\/index.php\/producto\/defender\/\" aria-describedby=\"woocommerce_loop_add_to_cart_link_describedby_31841\" data-quantity=\"1\" class=\"button product_type_variable add_to_cart_button\" data-product_id=\"31841\" data-product_sku=\"FR9401\" aria-label=\"Selecciona opcions per a &ldquo;DEFENDER&rdquo;\" rel=\"nofollow\">COMPRAR<\/a>\t<span id=\"woocommerce_loop_add_to_cart_link_describedby_31841\" class=\"screen-reader-text\">\n\t\tAquest producte t\u00e9 diverses variants. Les opcions es poden triar a la p\u00e0gina del producte\t<\/span>\n<\/li>\n<li class=\"product type-product post-33016 status-publish first instock product_cat-av-alta-visibilidad product_cat-highviz product_cat-maniga-llarga-2 product_cat-polos product_cat-highvispolo product_cat-reflectans-discontinus product_cat-workwear has-post-thumbnail taxable shipping-taxable purchasable product-type-variable\">\n\t<a href=\"https:\/\/uniformelaboral.com\/index.php\/producto\/vega-ls\/\" class=\"woocommerce-LoopProduct-link woocommerce-loop-product__link\"><img loading=\"lazy\" decoding=\"async\" width=\"324\" height=\"324\" src=\"https:\/\/uniformelaboral.com\/wp-content\/uploads\/2025\/02\/9316_55221_1_1-324x324.jpg\" class=\"attachment-woocommerce_thumbnail size-woocommerce_thumbnail\" alt=\"\" srcset=\"https:\/\/uniformelaboral.com\/wp-content\/uploads\/2025\/02\/9316_55221_1_1-324x324.jpg 324w, https:\/\/uniformelaboral.com\/wp-content\/uploads\/2025\/02\/9316_55221_1_1-150x150.jpg 150w, https:\/\/uniformelaboral.com\/wp-content\/uploads\/2025\/02\/9316_55221_1_1-100x100.jpg 100w\" sizes=\"auto, (max-width: 324px) 100vw, 324px\" \/><h2 class=\"woocommerce-loop-product__title\">VEGA LS<\/h2>\n<\/a><a href=\"https:\/\/uniformelaboral.com\/index.php\/producto\/vega-ls\/\" aria-describedby=\"woocommerce_loop_add_to_cart_link_describedby_33016\" data-quantity=\"1\" class=\"button product_type_variable add_to_cart_button\" data-product_id=\"33016\" data-product_sku=\"HV9316\" aria-label=\"Selecciona opcions per a &ldquo;VEGA LS&rdquo;\" rel=\"nofollow\">COMPRAR<\/a>\t<span id=\"woocommerce_loop_add_to_cart_link_describedby_33016\" class=\"screen-reader-text\">\n\t\tAquest producte t\u00e9 diverses variants. Les opcions es poden triar a la p\u00e0gina del producte\t<\/span>\n<\/li>\n<li class=\"product type-product post-365 status-publish instock product_cat-av-alta-visibilidad product_cat-multibutxaques product_cat-pantalons has-post-thumbnail taxable shipping-taxable purchasable product-type-simple\">\n\t<a href=\"https:\/\/uniformelaboral.com\/index.php\/producto\/pantalons-combi-alta-visibilitat-c4018\/\" class=\"woocommerce-LoopProduct-link woocommerce-loop-product__link\"><img loading=\"lazy\" decoding=\"async\" width=\"324\" height=\"324\" src=\"https:\/\/uniformelaboral.com\/wp-content\/uploads\/2020\/02\/C4018-VDO_NAV-0-324x324.jpg\" class=\"attachment-woocommerce_thumbnail size-woocommerce_thumbnail\" alt=\"\" srcset=\"https:\/\/uniformelaboral.com\/wp-content\/uploads\/2020\/02\/C4018-VDO_NAV-0-324x324.jpg 324w, https:\/\/uniformelaboral.com\/wp-content\/uploads\/2020\/02\/C4018-VDO_NAV-0-150x150.jpg 150w, https:\/\/uniformelaboral.com\/wp-content\/uploads\/2020\/02\/C4018-VDO_NAV-0-100x100.jpg 100w\" sizes=\"auto, (max-width: 324px) 100vw, 324px\" \/><h2 class=\"woocommerce-loop-product__title\">PANTALONS COMBI FLUOR A\/V WORK C4018 \/ 17.36\u20ac<\/h2>\n<\/a><a href=\"https:\/\/uniformelaboral.com\/index.php\/producto\/pantalons-combi-alta-visibilitat-c4018\/\" aria-describedby=\"woocommerce_loop_add_to_cart_link_describedby_365\" data-quantity=\"1\" class=\"button product_type_simple add_to_cart_button ajax_add_to_cart\" data-product_id=\"365\" data-product_sku=\"C4018\" aria-label=\"Afegeix a la cistella: &ldquo;PANTALONS COMBI FLUOR A\/V WORK C4018 \/ 17.36\u20ac&rdquo;\" rel=\"nofollow\" data-success_message=\"&ldquo;PANTALONS COMBI FLUOR A\/V WORK C4018 \/ 17.36\u20ac&rdquo; s&#039;ha afegit a la vostra cistella\">COMPRAR<\/a>\t<span id=\"woocommerce_loop_add_to_cart_link_describedby_365\" class=\"screen-reader-text\">\n\t\t\t<\/span>\n<\/li>\n<li class=\"product type-product post-32999 status-publish instock product_cat-av-alta-visibilidad product_cat-highviz product_cat-maniga-curta-2 product_cat-polos product_cat-highvispolo product_cat-reflectans-discontinus product_cat-workwear has-post-thumbnail taxable shipping-taxable purchasable product-type-variable\">\n\t<a href=\"https:\/\/uniformelaboral.com\/index.php\/producto\/vega\/\" class=\"woocommerce-LoopProduct-link woocommerce-loop-product__link\"><img loading=\"lazy\" decoding=\"async\" width=\"324\" height=\"324\" src=\"https:\/\/uniformelaboral.com\/wp-content\/uploads\/2025\/02\/9315_55221_1_1-324x324.jpg\" class=\"attachment-woocommerce_thumbnail size-woocommerce_thumbnail\" alt=\"\" srcset=\"https:\/\/uniformelaboral.com\/wp-content\/uploads\/2025\/02\/9315_55221_1_1-324x324.jpg 324w, https:\/\/uniformelaboral.com\/wp-content\/uploads\/2025\/02\/9315_55221_1_1-150x150.jpg 150w, https:\/\/uniformelaboral.com\/wp-content\/uploads\/2025\/02\/9315_55221_1_1-100x100.jpg 100w\" sizes=\"auto, (max-width: 324px) 100vw, 324px\" \/><h2 class=\"woocommerce-loop-product__title\">VEGA<\/h2>\n<\/a><a href=\"https:\/\/uniformelaboral.com\/index.php\/producto\/vega\/\" aria-describedby=\"woocommerce_loop_add_to_cart_link_describedby_32999\" data-quantity=\"1\" class=\"button product_type_variable add_to_cart_button\" data-product_id=\"32999\" data-product_sku=\"HV9315\" aria-label=\"Selecciona opcions per a &ldquo;VEGA&rdquo;\" rel=\"nofollow\">COMPRAR<\/a>\t<span id=\"woocommerce_loop_add_to_cart_link_describedby_32999\" class=\"screen-reader-text\">\n\t\tAquest producte t\u00e9 diverses variants. Les opcions es poden triar a la p\u00e0gina del producte\t<\/span>\n<\/li>\n<li class=\"product type-product post-32589 status-publish last instock product_cat-av-alta-visibilidad product_cat-highviz product_cat-highvischaquetas product_cat-polars product_cat-workwear has-post-thumbnail taxable shipping-taxable purchasable product-type-variable\">\n\t<a href=\"https:\/\/uniformelaboral.com\/index.php\/producto\/altair\/\" class=\"woocommerce-LoopProduct-link woocommerce-loop-product__link\"><img loading=\"lazy\" decoding=\"async\" width=\"324\" height=\"324\" src=\"https:\/\/uniformelaboral.com\/wp-content\/uploads\/2025\/02\/9305_55223_1_1-324x324.jpg\" class=\"attachment-woocommerce_thumbnail size-woocommerce_thumbnail\" alt=\"\" srcset=\"https:\/\/uniformelaboral.com\/wp-content\/uploads\/2025\/02\/9305_55223_1_1-324x324.jpg 324w, https:\/\/uniformelaboral.com\/wp-content\/uploads\/2025\/02\/9305_55223_1_1-150x150.jpg 150w, https:\/\/uniformelaboral.com\/wp-content\/uploads\/2025\/02\/9305_55223_1_1-100x100.jpg 100w\" sizes=\"auto, (max-width: 324px) 100vw, 324px\" \/><h2 class=\"woocommerce-loop-product__title\">ALTAIR<\/h2>\n<\/a><a href=\"https:\/\/uniformelaboral.com\/index.php\/producto\/altair\/\" aria-describedby=\"woocommerce_loop_add_to_cart_link_describedby_32589\" data-quantity=\"1\" class=\"button product_type_variable add_to_cart_button\" data-product_id=\"32589\" data-product_sku=\"HV9305\" aria-label=\"Selecciona opcions per a &ldquo;ALTAIR&rdquo;\" rel=\"nofollow\">COMPRAR<\/a>\t<span id=\"woocommerce_loop_add_to_cart_link_describedby_32589\" class=\"screen-reader-text\">\n\t\tAquest producte t\u00e9 diverses variants. Les opcions es poden triar a la p\u00e0gina del producte\t<\/span>\n<\/li>\n<li class=\"product type-product post-33098 status-publish first instock product_cat-av-alta-visibilidad product_cat-highviz product_cat-maniga-curta-2 product_cat-polos product_cat-highvispolo product_cat-reflectans-discontinus product_cat-workwear has-post-thumbnail taxable shipping-taxable purchasable product-type-variable\">\n\t<a href=\"https:\/\/uniformelaboral.com\/index.php\/producto\/atrio\/\" class=\"woocommerce-LoopProduct-link woocommerce-loop-product__link\"><img loading=\"lazy\" decoding=\"async\" width=\"324\" height=\"324\" src=\"https:\/\/uniformelaboral.com\/wp-content\/uploads\/2025\/02\/9318_23221_1_1-324x324.jpg\" class=\"attachment-woocommerce_thumbnail size-woocommerce_thumbnail\" alt=\"\" srcset=\"https:\/\/uniformelaboral.com\/wp-content\/uploads\/2025\/02\/9318_23221_1_1-324x324.jpg 324w, https:\/\/uniformelaboral.com\/wp-content\/uploads\/2025\/02\/9318_23221_1_1-150x150.jpg 150w, https:\/\/uniformelaboral.com\/wp-content\/uploads\/2025\/02\/9318_23221_1_1-100x100.jpg 100w\" sizes=\"auto, (max-width: 324px) 100vw, 324px\" \/><h2 class=\"woocommerce-loop-product__title\">ATRIO<\/h2>\n<\/a><a href=\"https:\/\/uniformelaboral.com\/index.php\/producto\/atrio\/\" aria-describedby=\"woocommerce_loop_add_to_cart_link_describedby_33098\" data-quantity=\"1\" class=\"button product_type_variable add_to_cart_button\" data-product_id=\"33098\" data-product_sku=\"HV9318\" aria-label=\"Selecciona opcions per a &ldquo;ATRIO&rdquo;\" rel=\"nofollow\">COMPRAR<\/a>\t<span id=\"woocommerce_loop_add_to_cart_link_describedby_33098\" class=\"screen-reader-text\">\n\t\tAquest producte t\u00e9 diverses variants. Les opcions es poden triar a la p\u00e0gina del producte\t<\/span>\n<\/li>\n<li class=\"product type-product post-508 status-publish instock product_cat-av-alta-visibilidad product_cat-parques-w-shell product_cat-jaquetes has-post-thumbnail taxable shipping-taxable purchasable product-type-simple\">\n\t<a href=\"https:\/\/uniformelaboral.com\/index.php\/producto\/workshell-amb-2-cintes-reflectants-a-pit-esquena-i-manigues-mari-s9035\/\" class=\"woocommerce-LoopProduct-link woocommerce-loop-product__link\"><img loading=\"lazy\" decoding=\"async\" width=\"324\" height=\"324\" src=\"https:\/\/uniformelaboral.com\/wp-content\/uploads\/2020\/02\/S9035-RJ-0-324x324.jpg\" class=\"attachment-woocommerce_thumbnail size-woocommerce_thumbnail\" alt=\"\" srcset=\"https:\/\/uniformelaboral.com\/wp-content\/uploads\/2020\/02\/S9035-RJ-0-324x324.jpg 324w, https:\/\/uniformelaboral.com\/wp-content\/uploads\/2020\/02\/S9035-RJ-0-150x150.jpg 150w, https:\/\/uniformelaboral.com\/wp-content\/uploads\/2020\/02\/S9035-RJ-0-100x100.jpg 100w\" sizes=\"auto, (max-width: 324px) 100vw, 324px\" \/><h2 class=\"woocommerce-loop-product__title\">JAQUETA WORKSHELL FLUOR A\/V WORK S9035 \/ 43.19\u20ac<\/h2>\n<\/a><a href=\"https:\/\/uniformelaboral.com\/index.php\/producto\/workshell-amb-2-cintes-reflectants-a-pit-esquena-i-manigues-mari-s9035\/\" aria-describedby=\"woocommerce_loop_add_to_cart_link_describedby_508\" data-quantity=\"1\" class=\"button product_type_simple add_to_cart_button ajax_add_to_cart\" data-product_id=\"508\" data-product_sku=\"S9035\" aria-label=\"Afegeix a la cistella: &ldquo;JAQUETA WORKSHELL FLUOR A\/V WORK S9035 \/ 43.19\u20ac&rdquo;\" rel=\"nofollow\" data-success_message=\"&ldquo;JAQUETA WORKSHELL FLUOR A\/V WORK S9035 \/ 43.19\u20ac&rdquo; s&#039;ha afegit a la vostra cistella\">COMPRAR<\/a>\t<span id=\"woocommerce_loop_add_to_cart_link_describedby_508\" class=\"screen-reader-text\">\n\t\t\t<\/span>\n<\/li>\n<li class=\"product type-product post-424 status-publish instock product_cat-av-alta-visibilidad product_cat-cacadora-alta has-post-thumbnail taxable shipping-taxable purchasable product-type-simple\">\n\t<a href=\"https:\/\/uniformelaboral.com\/index.php\/producto\/armilla-combi-alta-visibilitat-s4035\/\" class=\"woocommerce-LoopProduct-link woocommerce-loop-product__link\"><img loading=\"lazy\" decoding=\"async\" width=\"324\" height=\"324\" src=\"https:\/\/uniformelaboral.com\/wp-content\/uploads\/2020\/02\/S4035-AAV_MR-0-3-324x324.jpg\" class=\"attachment-woocommerce_thumbnail size-woocommerce_thumbnail\" alt=\"\" srcset=\"https:\/\/uniformelaboral.com\/wp-content\/uploads\/2020\/02\/S4035-AAV_MR-0-3-324x324.jpg 324w, https:\/\/uniformelaboral.com\/wp-content\/uploads\/2020\/02\/S4035-AAV_MR-0-3-150x150.jpg 150w, https:\/\/uniformelaboral.com\/wp-content\/uploads\/2020\/02\/S4035-AAV_MR-0-3-100x100.jpg 100w\" sizes=\"auto, (max-width: 324px) 100vw, 324px\" \/><h2 class=\"woocommerce-loop-product__title\">XALECO COMBI FLUOR A\/V MULTIBUTXAQUES WORK S4035 \/ 27.72\u20ac<\/h2>\n<\/a><a href=\"https:\/\/uniformelaboral.com\/index.php\/producto\/armilla-combi-alta-visibilitat-s4035\/\" aria-describedby=\"woocommerce_loop_add_to_cart_link_describedby_424\" data-quantity=\"1\" class=\"button product_type_simple add_to_cart_button ajax_add_to_cart\" data-product_id=\"424\" data-product_sku=\"S4035\" aria-label=\"Afegeix a la cistella: &ldquo;XALECO COMBI FLUOR A\/V MULTIBUTXAQUES WORK S4035 \/ 27.72\u20ac&rdquo;\" rel=\"nofollow\" data-success_message=\"&ldquo;XALECO COMBI FLUOR A\/V MULTIBUTXAQUES WORK S4035 \/ 27.72\u20ac&rdquo; s&#039;ha afegit a la vostra cistella\">COMPRAR<\/a>\t<span id=\"woocommerce_loop_add_to_cart_link_describedby_424\" class=\"screen-reader-text\">\n\t\t\t<\/span>\n<\/li>\n<li class=\"product type-product post-32540 status-publish last instock product_cat-av-alta-visibilidad product_cat-highviz product_cat-highviscoats product_cat-parques product_cat-parques-w-shell product_cat-workwear has-post-thumbnail taxable shipping-taxable purchasable product-type-variable\">\n\t<a href=\"https:\/\/uniformelaboral.com\/index.php\/producto\/epsylon\/\" class=\"woocommerce-LoopProduct-link woocommerce-loop-product__link\"><img loading=\"lazy\" decoding=\"async\" width=\"324\" height=\"324\" src=\"https:\/\/uniformelaboral.com\/wp-content\/uploads\/2025\/02\/9304_55221_1_1-324x324.jpg\" class=\"attachment-woocommerce_thumbnail size-woocommerce_thumbnail\" alt=\"\" srcset=\"https:\/\/uniformelaboral.com\/wp-content\/uploads\/2025\/02\/9304_55221_1_1-324x324.jpg 324w, https:\/\/uniformelaboral.com\/wp-content\/uploads\/2025\/02\/9304_55221_1_1-150x150.jpg 150w, https:\/\/uniformelaboral.com\/wp-content\/uploads\/2025\/02\/9304_55221_1_1-100x100.jpg 100w\" sizes=\"auto, (max-width: 324px) 100vw, 324px\" \/><h2 class=\"woocommerce-loop-product__title\">EPSYLON<\/h2>\n<\/a><a href=\"https:\/\/uniformelaboral.com\/index.php\/producto\/epsylon\/\" aria-describedby=\"woocommerce_loop_add_to_cart_link_describedby_32540\" data-quantity=\"1\" class=\"button product_type_variable add_to_cart_button\" data-product_id=\"32540\" data-product_sku=\"HV9304\" aria-label=\"Selecciona opcions per a &ldquo;EPSYLON&rdquo;\" rel=\"nofollow\">COMPRAR<\/a>\t<span id=\"woocommerce_loop_add_to_cart_link_describedby_32540\" class=\"screen-reader-text\">\n\t\tAquest producte t\u00e9 diverses variants. Les opcions es poden triar a la p\u00e0gina del producte\t<\/span>\n<\/li>\n<li class=\"product type-product post-376 status-publish first instock product_cat-av-alta-visibilidad product_cat-parques has-post-thumbnail taxable shipping-taxable purchasable product-type-simple\">\n\t<a href=\"https:\/\/uniformelaboral.com\/index.php\/producto\/parka-combi-alta-visibilitat-c3710\/\" class=\"woocommerce-LoopProduct-link woocommerce-loop-product__link\"><img loading=\"lazy\" decoding=\"async\" width=\"324\" height=\"324\" src=\"https:\/\/uniformelaboral.com\/wp-content\/uploads\/2020\/02\/C3710-AAV_MR-0-2-324x324.jpg\" class=\"attachment-woocommerce_thumbnail size-woocommerce_thumbnail\" alt=\"\" srcset=\"https:\/\/uniformelaboral.com\/wp-content\/uploads\/2020\/02\/C3710-AAV_MR-0-2-324x324.jpg 324w, https:\/\/uniformelaboral.com\/wp-content\/uploads\/2020\/02\/C3710-AAV_MR-0-2-150x150.jpg 150w, https:\/\/uniformelaboral.com\/wp-content\/uploads\/2020\/02\/C3710-AAV_MR-0-2-100x100.jpg 100w\" sizes=\"auto, (max-width: 324px) 100vw, 324px\" \/><h2 class=\"woocommerce-loop-product__title\">PARKA COMBI ALTA VISIBILITAT WORK C3710 \/ 41.44\u20ac<\/h2>\n<\/a><a href=\"https:\/\/uniformelaboral.com\/index.php\/producto\/parka-combi-alta-visibilitat-c3710\/\" aria-describedby=\"woocommerce_loop_add_to_cart_link_describedby_376\" data-quantity=\"1\" class=\"button product_type_simple add_to_cart_button ajax_add_to_cart\" data-product_id=\"376\" data-product_sku=\"C3710\" aria-label=\"Afegeix a la cistella: &ldquo;PARKA COMBI ALTA VISIBILITAT WORK C3710 \/ 41.44\u20ac&rdquo;\" rel=\"nofollow\" data-success_message=\"&ldquo;PARKA COMBI ALTA VISIBILITAT WORK C3710 \/ 41.44\u20ac&rdquo; s&#039;ha afegit a la vostra cistella\">COMPRAR<\/a>\t<span id=\"woocommerce_loop_add_to_cart_link_describedby_376\" class=\"screen-reader-text\">\n\t\t\t<\/span>\n<\/li>\n<li class=\"product type-product post-32779 status-publish instock product_cat-av-alta-visibilidad product_cat-highviz product_cat-highvistshirts product_cat-maniga-curta-3 product_cat-samarreta-alta product_cat-workwear has-post-thumbnail taxable shipping-taxable purchasable product-type-variable\">\n\t<a href=\"https:\/\/uniformelaboral.com\/index.php\/producto\/delta\/\" class=\"woocommerce-LoopProduct-link woocommerce-loop-product__link\"><img loading=\"lazy\" decoding=\"async\" width=\"324\" height=\"324\" src=\"https:\/\/uniformelaboral.com\/wp-content\/uploads\/2025\/02\/9310_55221_1_1-324x324.jpg\" class=\"attachment-woocommerce_thumbnail size-woocommerce_thumbnail\" alt=\"\" srcset=\"https:\/\/uniformelaboral.com\/wp-content\/uploads\/2025\/02\/9310_55221_1_1-324x324.jpg 324w, https:\/\/uniformelaboral.com\/wp-content\/uploads\/2025\/02\/9310_55221_1_1-150x150.jpg 150w, https:\/\/uniformelaboral.com\/wp-content\/uploads\/2025\/02\/9310_55221_1_1-100x100.jpg 100w\" sizes=\"auto, (max-width: 324px) 100vw, 324px\" \/><h2 class=\"woocommerce-loop-product__title\">DELTA<\/h2>\n<\/a><a href=\"https:\/\/uniformelaboral.com\/index.php\/producto\/delta\/\" aria-describedby=\"woocommerce_loop_add_to_cart_link_describedby_32779\" data-quantity=\"1\" class=\"button product_type_variable add_to_cart_button\" data-product_id=\"32779\" data-product_sku=\"HV9310\" aria-label=\"Selecciona opcions per a &ldquo;DELTA&rdquo;\" rel=\"nofollow\">COMPRAR<\/a>\t<span id=\"woocommerce_loop_add_to_cart_link_describedby_32779\" class=\"screen-reader-text\">\n\t\tAquest producte t\u00e9 diverses variants. Les opcions es poden triar a la p\u00e0gina del producte\t<\/span>\n<\/li>\n<\/ul>\n<\/div>","protected":false},"excerpt":{"rendered":"<p>PANTALONS PARQUES\/WORK SHELL POLOS SAMARRETES JERSEIS CAMISES ARMILLES \/ XALECOS POLARS IMPERMEABLES CA\u00c7ADORES TOTS ELS PRODUCTES<\/p>\n","protected":false},"author":4,"featured_media":0,"parent":0,"menu_order":0,"comment_status":"closed","ping_status":"closed","template":"","meta":{"_joinchat":[],"footnotes":""},"class_list":["post-625","page","type-page","status-publish","hentry"],"_links":{"self":[{"href":"https:\/\/uniformelaboral.com\/index.php\/wp-json\/wp\/v2\/pages\/625","targetHints":{"allow":["GET"]}}],"collection":[{"href":"https:\/\/uniformelaboral.com\/index.php\/wp-json\/wp\/v2\/pages"}],"about":[{"href":"https:\/\/uniformelaboral.com\/index.php\/wp-json\/wp\/v2\/types\/page"}],"author":[{"embeddable":true,"href":"https:\/\/uniformelaboral.com\/index.php\/wp-json\/wp\/v2\/users\/4"}],"replies":[{"embeddable":true,"href":"https:\/\/uniformelaboral.com\/index.php\/wp-json\/wp\/v2\/comments?post=625"}],"version-history":[{"count":12,"href":"https:\/\/uniformelaboral.com\/index.php\/wp-json\/wp\/v2\/pages\/625\/revisions"}],"predecessor-version":[{"id":21602,"href":"https:\/\/uniformelaboral.com\/index.php\/wp-json\/wp\/v2\/pages\/625\/revisions\/21602"}],"wp:attachment":[{"href":"https:\/\/uniformelaboral.com\/index.php\/wp-json\/wp\/v2\/media?parent=625"}],"curies":[{"name":"wp","href":"https:\/\/api.w.org\/{rel}","templated":true}]}}